{"id":1643,"date":"2023-08-21T20:51:04","date_gmt":"2023-08-21T18:51:04","guid":{"rendered":"https:\/\/associata-ev.de\/?page_id=1643"},"modified":"2023-08-25T21:31:34","modified_gmt":"2023-08-25T19:31:34","slug":"verein-leichte-sprache","status":"publish","type":"page","link":"https:\/\/associata-ev.de\/verein\/verein-leichte-sprache\/","title":{"rendered":"Verein leichte Sprache"},"content":{"rendered":"\n<div class=\"wp-block-columns is-layout-flex wp-container-core-columns-is-layout-9d6595d7 wp-block-columns-is-layout-flex\">\n<div class=\"wp-block-column is-layout-flow wp-block-column-is-layout-flow\">\n<p><strong>Herzlich willkommen!<\/strong><br \/><br \/>Das ist die Homepage von Associata e.V.<br \/>Associata bedeutet: Gemeinsam stark.<br \/>Associata e.V. ist ein Verein in Brandenburg.<br \/>Die Menschen von Associata setzen sich f\u00fcr Inklusion ein.<br \/>Inklusion bedeutet:<br \/><strong>Alle Menschen sollen \u00fcberall dabei sein.<\/strong><br \/><strong>Alle Menschen haben die gleichen Rechte.<\/strong><br \/><strong>Alle Menschen k\u00f6nnen selbst \u00fcber ihr Leben bestimmen.<\/strong><\/p>\n<p><br \/>Damit es allen Menschen mit Behinderung auf der ganzen Welt besser geht,<br \/>haben verschiedene L\u00e4nder eine Vereinbarung gemacht.<br \/>In schwerer Sprache hei\u00dft diese Vereinbarung:<br \/><strong>UN-Behindertenkonvention.<\/strong><br \/><strong>\u00dcbereinkommen der Vereinten Nationen \u00fcber die Rechte von Menschen mit Behinderungen.<\/strong><br \/><strong>In dieser Vereinbarung stehen die Rechte von Menschen mit Behinderung.<\/strong><br \/><br \/>Associata e.V. findet diese Vereinbarung sehr wichtig.<br \/><br \/>Damit sich Menschen mit Behinderung und Menschen ohne Behinderung treffen k\u00f6nnen,<br \/>gibt es von Associata e.V. den \u201eDistelhof\u201c in Karst\u00e4dt\/Sargleben.<br \/>Sargleben ist ein kleines Dorf in der Prignitz.<br \/>Die Prignitz ist ein Teil von Brandenburg.<br \/>Die Menschen von Associata e.V. nennen den Distelhof:<br \/>Inklusionsort f\u00fcr Begegnung und Kreativit\u00e4t.<br \/>Wir machen gemeinsame Freizeitangebote f\u00fcr Menschen mit und ohne Behinderung.<br \/>Das sind inklusive Angebote.<br \/>Wir machen inklusive Angebote f\u00fcr Kinder, Jugendliche und Erwachsene.<br \/>Wann es diese Angebote gibt, steht unter Aktuelles &gt; Termine.<br \/><br \/>Associata e.V. setzt sich auch f\u00fcr die Rechte von Menschen mit Assistenzhunden ein.<br \/>Wir wollen, dass alle wissen, was Assistenzhunde sind.<br \/>Ein Assistenzhund hilft Menschen mit Behinderung oder Menschen mit bestimmten Krankheiten.<br \/>Wir geben Infos \u00fcber Assistenzhunde.<br \/>Wir erkl\u00e4ren, warum der Assistenzhund f\u00fcr viele Menschen wichtig ist.<br \/>Wir reden mit Politikern.<br \/>Wir haben mitgeholfen, dass es Regeln im Gesetz f\u00fcr Assistenzhunde gibt.<br \/><strong>WICHTIG:<\/strong><br \/><strong>Wir bilden keine Assistenzhunde aus.<\/strong><br \/><strong>Wir pr\u00fcfen keine Assistenzhunde.<\/strong><br \/><strong>Du m\u00f6chtest eine Antwort auf Deine Frage in Leichter Sprache von uns.<\/strong><br \/><strong>Dann schreibe uns eine Mail an:<\/strong><br \/><strong>info@associata-ev.de<\/strong><br \/><strong>Wir antworten Dir in Leichter Sprache.<\/strong><br \/><strong>Du kannst uns auch schreiben, wenn Du lieber telefonieren m\u00f6chtest.<\/strong><br \/><strong>Dann rufen wir Dich an.<\/strong><br \/><strong>Schreibe Deine Telefon Nummer in die Mail<\/strong><\/p>\n<\/div>\n<\/div>\n","protected":false},"excerpt":{"rendered":"<p>Herzlich willkommen! Das ist die Homepage von Associata e.V.Associata bedeutet: Gemeinsam stark.Associata e.V. ist ein Verein in Brandenburg.Die Menschen von Associata setzen sich f\u00fcr Inklusion ein.Inklusion bedeutet:Alle Menschen sollen \u00fcberall dabei sein.Alle Menschen haben die gleichen Rechte.Alle Menschen k\u00f6nnen selbst \u00fcber ihr Leben bestimmen. Damit es allen Menschen mit Behinderung auf der ganzen Welt besser geht,haben verschiedene L\u00e4nder eine Vereinbarung gemacht.In schwerer Sprache hei\u00dft diese Vereinbarung:UN-Behindertenkonvention.\u00dcbereinkommen der Vereinten Nationen \u00fcber die Rechte von Menschen mit Behinderungen.In dieser Vereinbarung stehen die Rechte von Menschen mit Behinderung. Associata e.V. findet diese Vereinbarung sehr wichtig. Damit sich Menschen mit Behinderung und Menschen ohne Behinderung treffen k\u00f6nnen,gibt es von Associata e.V. den \u201eDistelhof\u201c in Karst\u00e4dt\/Sargleben.Sargleben ist ein kleines Dorf in der Prignitz.Die Prignitz ist ein Teil von Brandenburg.Die Menschen von Associata e.V. nennen den Distelhof:Inklusionsort f\u00fcr Begegnung und Kreativit\u00e4t.Wir machen gemeinsame Freizeitangebote f\u00fcr Menschen mit und ohne Behinderung.Das sind inklusive Angebote.Wir machen inklusive Angebote f\u00fcr Kinder, Jugendliche und Erwachsene.Wann es diese Angebote gibt, steht unter Aktuelles &gt; Termine. Associata e.V. setzt sich auch f\u00fcr die Rechte von Menschen mit Assistenzhunden ein.Wir wollen, dass alle wissen, was Assistenzhunde sind.Ein Assistenzhund hilft Menschen mit Behinderung oder Menschen mit bestimmten Krankheiten.Wir geben Infos \u00fcber Assistenzhunde.Wir erkl\u00e4ren, warum der Assistenzhund f\u00fcr viele Menschen wichtig ist.Wir reden mit Politikern.Wir haben mitgeholfen, dass es Regeln im Gesetz f\u00fcr Assistenzhunde gibt.WICHTIG:Wir bilden keine Assistenzhunde aus.Wir pr\u00fcfen keine Assistenzhunde.Du m\u00f6chtest eine Antwort auf Deine Frage in Leichter Sprache von uns.Dann schreibe uns eine Mail an:info@associata-ev.deWir antworten Dir in Leichter Sprache.Du kannst uns auch schreiben, wenn Du lieber telefonieren m\u00f6chtest.Dann rufen wir Dich an.Schreibe Deine Telefon Nummer in die Mail<\/p>\n","protected":false},"author":1,"featured_media":0,"parent":0,"menu_order":0,"comment_status":"closed","ping_status":"closed","template":"","meta":{"_acf_changed":false,"footnotes":""},"class_list":["post-1643","page","type-page","status-publish","hentry"],"acf":[],"yoast_head":"<!-- This site is optimized with the Yoast SEO plugin v26.9 - https:\/\/yoast.com\/product\/yoast-seo-wordpress\/ -->\n<title>Verein leichte Sprache - Associata-e.V.<\/title>\n<meta name=\"description\" content=\"Associata-e.V. Verein leichte Sprache\" \/>\n<meta name=\"robots\" content=\"index, follow, max-snippet:-1, max-image-preview:large, max-video-preview:-1\" \/>\n<link rel=\"canonical\" href=\"https:\/\/associata-ev.de\/verein\/verein-leichte-sprache\/\" \/>\n<meta property=\"og:locale\" content=\"de_DE\" \/>\n<meta property=\"og:type\" content=\"article\" \/>\n<meta property=\"og:title\" content=\"Verein leichte Sprache - Associata-e.V.\" \/>\n<meta property=\"og:description\" content=\"Associata-e.V. Verein leichte Sprache\" \/>\n<meta property=\"og:url\" content=\"https:\/\/associata-ev.de\/verein\/verein-leichte-sprache\/\" \/>\n<meta property=\"og:site_name\" content=\"Associata-e.V.\" \/>\n<meta property=\"article:modified_time\" content=\"2023-08-25T19:31:34+00:00\" \/>\n<meta name=\"twitter:card\" content=\"summary_large_image\" \/>\n<meta name=\"twitter:label1\" content=\"Gesch\u00e4tzte Lesezeit\" \/>\n\t<meta name=\"twitter:data1\" content=\"2\u00a0Minuten\" \/>\n<script type=\"application\/ld+json\" class=\"yoast-schema-graph\">{\"@context\":\"https:\/\/schema.org\",\"@graph\":[{\"@type\":[\"Article\",\"BlogPosting\"],\"@id\":\"https:\/\/associata-ev.de\/verein\/verein-leichte-sprache\/#article\",\"isPartOf\":{\"@id\":\"https:\/\/associata-ev.de\/verein\/verein-leichte-sprache\/\"},\"author\":{\"name\":\"ReneKnopp\",\"@id\":\"https:\/\/associata-ev.de\/verein\/#\/schema\/person\/e73782c4f0cecc6663b33b456118525f\"},\"headline\":\"Verein leichte Sprache\",\"datePublished\":\"2023-08-21T18:51:04+00:00\",\"dateModified\":\"2023-08-25T19:31:34+00:00\",\"mainEntityOfPage\":{\"@id\":\"https:\/\/associata-ev.de\/verein\/verein-leichte-sprache\/\"},\"wordCount\":333,\"publisher\":{\"@id\":\"https:\/\/associata-ev.de\/verein\/#organization\"},\"inLanguage\":\"de\"},{\"@type\":\"WebPage\",\"@id\":\"https:\/\/associata-ev.de\/verein\/verein-leichte-sprache\/\",\"url\":\"https:\/\/associata-ev.de\/verein\/verein-leichte-sprache\/\",\"name\":\"Verein leichte Sprache - Associata-e.V.\",\"isPartOf\":{\"@id\":\"https:\/\/associata-ev.de\/verein\/#website\"},\"datePublished\":\"2023-08-21T18:51:04+00:00\",\"dateModified\":\"2023-08-25T19:31:34+00:00\",\"description\":\"Associata-e.V. Verein leichte Sprache\",\"breadcrumb\":{\"@id\":\"https:\/\/associata-ev.de\/verein\/verein-leichte-sprache\/#breadcrumb\"},\"inLanguage\":\"de\",\"potentialAction\":[{\"@type\":\"ReadAction\",\"target\":[\"https:\/\/associata-ev.de\/verein\/verein-leichte-sprache\/\"]}]},{\"@type\":\"BreadcrumbList\",\"@id\":\"https:\/\/associata-ev.de\/verein\/verein-leichte-sprache\/#breadcrumb\",\"itemListElement\":[{\"@type\":\"ListItem\",\"position\":1,\"name\":\"Verein\",\"item\":\"https:\/\/associata-ev.de\/verein\/\"},{\"@type\":\"ListItem\",\"position\":2,\"name\":\"Verein leichte Sprache\"}]},{\"@type\":\"WebSite\",\"@id\":\"https:\/\/associata-ev.de\/verein\/#website\",\"url\":\"https:\/\/associata-ev.de\/verein\/\",\"name\":\"Associata-e.V.\",\"description\":\"\",\"publisher\":{\"@id\":\"https:\/\/associata-ev.de\/verein\/#organization\"},\"potentialAction\":[{\"@type\":\"SearchAction\",\"target\":{\"@type\":\"EntryPoint\",\"urlTemplate\":\"https:\/\/associata-ev.de\/verein\/?s={search_term_string}\"},\"query-input\":{\"@type\":\"PropertyValueSpecification\",\"valueRequired\":true,\"valueName\":\"search_term_string\"}}],\"inLanguage\":\"de\"},{\"@type\":\"Organization\",\"@id\":\"https:\/\/associata-ev.de\/verein\/#organization\",\"name\":\"Associata e.V.\",\"url\":\"https:\/\/associata-ev.de\/verein\/\",\"logo\":{\"@type\":\"ImageObject\",\"inLanguage\":\"de\",\"@id\":\"https:\/\/associata-ev.de\/verein\/#\/schema\/logo\/image\/\",\"url\":\"https:\/\/associata-ev.de\/wp-content\/uploads\/2023\/03\/IMG-20230312-WA0021-2.png\",\"contentUrl\":\"https:\/\/associata-ev.de\/wp-content\/uploads\/2023\/03\/IMG-20230312-WA0021-2.png\",\"width\":1200,\"height\":297,\"caption\":\"Associata e.V.\"},\"image\":{\"@id\":\"https:\/\/associata-ev.de\/verein\/#\/schema\/logo\/image\/\"}},{\"@type\":\"Person\",\"@id\":\"https:\/\/associata-ev.de\/verein\/#\/schema\/person\/e73782c4f0cecc6663b33b456118525f\",\"name\":\"ReneKnopp\",\"image\":{\"@type\":\"ImageObject\",\"inLanguage\":\"de\",\"@id\":\"https:\/\/associata-ev.de\/verein\/#\/schema\/person\/image\/\",\"url\":\"https:\/\/secure.gravatar.com\/avatar\/79a2e70279472c96f215f3e85d1f1152ef5abd1cbb4778b50af4e74cf37c6ea1?s=96&d=mm&r=g\",\"contentUrl\":\"https:\/\/secure.gravatar.com\/avatar\/79a2e70279472c96f215f3e85d1f1152ef5abd1cbb4778b50af4e74cf37c6ea1?s=96&d=mm&r=g\",\"caption\":\"ReneKnopp\"},\"sameAs\":[\"https:\/\/associata-ev.de\"],\"url\":\"https:\/\/associata-ev.de\/verein\/author\/reneknopp\/\"}]}<\/script>\n<!-- \/ Yoast SEO plugin. -->","yoast_head_json":{"title":"Verein leichte Sprache - Associata-e.V.","description":"Associata-e.V. Verein leichte Sprache","robots":{"index":"index","follow":"follow","max-snippet":"max-snippet:-1","max-image-preview":"max-image-preview:large","max-video-preview":"max-video-preview:-1"},"canonical":"https:\/\/associata-ev.de\/verein\/verein-leichte-sprache\/","og_locale":"de_DE","og_type":"article","og_title":"Verein leichte Sprache - Associata-e.V.","og_description":"Associata-e.V. Verein leichte Sprache","og_url":"https:\/\/associata-ev.de\/verein\/verein-leichte-sprache\/","og_site_name":"Associata-e.V.","article_modified_time":"2023-08-25T19:31:34+00:00","twitter_card":"summary_large_image","twitter_misc":{"Gesch\u00e4tzte Lesezeit":"2\u00a0Minuten"},"schema":{"@context":"https:\/\/schema.org","@graph":[{"@type":["Article","BlogPosting"],"@id":"https:\/\/associata-ev.de\/verein\/verein-leichte-sprache\/#article","isPartOf":{"@id":"https:\/\/associata-ev.de\/verein\/verein-leichte-sprache\/"},"author":{"name":"ReneKnopp","@id":"https:\/\/associata-ev.de\/verein\/#\/schema\/person\/e73782c4f0cecc6663b33b456118525f"},"headline":"Verein leichte Sprache","datePublished":"2023-08-21T18:51:04+00:00","dateModified":"2023-08-25T19:31:34+00:00","mainEntityOfPage":{"@id":"https:\/\/associata-ev.de\/verein\/verein-leichte-sprache\/"},"wordCount":333,"publisher":{"@id":"https:\/\/associata-ev.de\/verein\/#organization"},"inLanguage":"de"},{"@type":"WebPage","@id":"https:\/\/associata-ev.de\/verein\/verein-leichte-sprache\/","url":"https:\/\/associata-ev.de\/verein\/verein-leichte-sprache\/","name":"Verein leichte Sprache - Associata-e.V.","isPartOf":{"@id":"https:\/\/associata-ev.de\/verein\/#website"},"datePublished":"2023-08-21T18:51:04+00:00","dateModified":"2023-08-25T19:31:34+00:00","description":"Associata-e.V. Verein leichte Sprache","breadcrumb":{"@id":"https:\/\/associata-ev.de\/verein\/verein-leichte-sprache\/#breadcrumb"},"inLanguage":"de","potentialAction":[{"@type":"ReadAction","target":["https:\/\/associata-ev.de\/verein\/verein-leichte-sprache\/"]}]},{"@type":"BreadcrumbList","@id":"https:\/\/associata-ev.de\/verein\/verein-leichte-sprache\/#breadcrumb","itemListElement":[{"@type":"ListItem","position":1,"name":"Verein","item":"https:\/\/associata-ev.de\/verein\/"},{"@type":"ListItem","position":2,"name":"Verein leichte Sprache"}]},{"@type":"WebSite","@id":"https:\/\/associata-ev.de\/verein\/#website","url":"https:\/\/associata-ev.de\/verein\/","name":"Associata-e.V.","description":"","publisher":{"@id":"https:\/\/associata-ev.de\/verein\/#organization"},"potentialAction":[{"@type":"SearchAction","target":{"@type":"EntryPoint","urlTemplate":"https:\/\/associata-ev.de\/verein\/?s={search_term_string}"},"query-input":{"@type":"PropertyValueSpecification","valueRequired":true,"valueName":"search_term_string"}}],"inLanguage":"de"},{"@type":"Organization","@id":"https:\/\/associata-ev.de\/verein\/#organization","name":"Associata e.V.","url":"https:\/\/associata-ev.de\/verein\/","logo":{"@type":"ImageObject","inLanguage":"de","@id":"https:\/\/associata-ev.de\/verein\/#\/schema\/logo\/image\/","url":"https:\/\/associata-ev.de\/wp-content\/uploads\/2023\/03\/IMG-20230312-WA0021-2.png","contentUrl":"https:\/\/associata-ev.de\/wp-content\/uploads\/2023\/03\/IMG-20230312-WA0021-2.png","width":1200,"height":297,"caption":"Associata e.V."},"image":{"@id":"https:\/\/associata-ev.de\/verein\/#\/schema\/logo\/image\/"}},{"@type":"Person","@id":"https:\/\/associata-ev.de\/verein\/#\/schema\/person\/e73782c4f0cecc6663b33b456118525f","name":"ReneKnopp","image":{"@type":"ImageObject","inLanguage":"de","@id":"https:\/\/associata-ev.de\/verein\/#\/schema\/person\/image\/","url":"https:\/\/secure.gravatar.com\/avatar\/79a2e70279472c96f215f3e85d1f1152ef5abd1cbb4778b50af4e74cf37c6ea1?s=96&d=mm&r=g","contentUrl":"https:\/\/secure.gravatar.com\/avatar\/79a2e70279472c96f215f3e85d1f1152ef5abd1cbb4778b50af4e74cf37c6ea1?s=96&d=mm&r=g","caption":"ReneKnopp"},"sameAs":["https:\/\/associata-ev.de"],"url":"https:\/\/associata-ev.de\/verein\/author\/reneknopp\/"}]}},"_links":{"self":[{"href":"https:\/\/associata-ev.de\/verein\/wp-json\/wp\/v2\/pages\/1643","targetHints":{"allow":["GET"]}}],"collection":[{"href":"https:\/\/associata-ev.de\/verein\/wp-json\/wp\/v2\/pages"}],"about":[{"href":"https:\/\/associata-ev.de\/verein\/wp-json\/wp\/v2\/types\/page"}],"author":[{"embeddable":true,"href":"https:\/\/associata-ev.de\/verein\/wp-json\/wp\/v2\/users\/1"}],"replies":[{"embeddable":true,"href":"https:\/\/associata-ev.de\/verein\/wp-json\/wp\/v2\/comments?post=1643"}],"version-history":[{"count":2,"href":"https:\/\/associata-ev.de\/verein\/wp-json\/wp\/v2\/pages\/1643\/revisions"}],"predecessor-version":[{"id":1653,"href":"https:\/\/associata-ev.de\/verein\/wp-json\/wp\/v2\/pages\/1643\/revisions\/1653"}],"wp:attachment":[{"href":"https:\/\/associata-ev.de\/verein\/wp-json\/wp\/v2\/media?parent=1643"}],"curies":[{"name":"wp","href":"https:\/\/api.w.org\/{rel}","templated":true}]}}