{"id":342,"date":"2023-03-11T20:24:59","date_gmt":"2023-03-11T19:24:59","guid":{"rendered":"https:\/\/associata-ev.de\/?page_id=342"},"modified":"2024-08-07T10:48:46","modified_gmt":"2024-08-07T08:48:46","slug":"traeger-des-distelhofs","status":"publish","type":"page","link":"https:\/\/associata-ev.de\/verein\/traeger-des-distelhofs\/","title":{"rendered":"Verein im \u00dcberblick"},"content":{"rendered":"\n<div class=\"wp-block-columns is-layout-flex wp-container-core-columns-is-layout-9d6595d7 wp-block-columns-is-layout-flex\">\n<div class=\"wp-block-column is-layout-flow wp-block-column-is-layout-flow\">\n<p>Der Verein Associata e.V. \u2013 \u201egemeinsam stark\u201c &#8211; ist gemeinn\u00fctzig und arbeitet unabh\u00e4ngig und institutionell ungebunden. Vereinsmitglieder und alle Helfer engagieren sich ehrenamtlich. Veranstaltungen im Themenfeld Assistenzhund sowie die inklusiven Angebote f\u00fcr Kinder, Jugendliche und Erwachsene werden realisiert mit Projektf\u00f6rderungen, Spenden und ehrenamtlichem Engagement. Das Aktivit\u00e4tsspektrum des Vereins hat sich seit seiner Gr\u00fcndung kontinuierlich erweitert. Wichtige Eckdaten:<\/p>\n<p>Gr\u00fcndung 11\/2016<br \/>unter dem Namen Associata-Assistenzhunde e.V. in Sternberg, MV, am Wohnsitz eines Vorstandsmitgliedes, als Antwort auf die Herausforderungen, die sich rund um das Thema Assistenzhund aus dem Kontakt zu AssistenzhundeTrainern und Menschen, die sich f\u00fcr die Verwirklichung von sozialer Teilhabe einen Assistenzhund an ihrer Seite w\u00fcnschen, gezeigt hatten.<\/p>\n<p>Seit Gr\u00fcndung<br \/>Kontinuierliche Aktivit\u00e4ten im Themenfeld Assistenzhund:<\/p>\n<ul>\n<li style=\"list-style-type: none;\">\n<ul>\n<li>Politische Arbeit bis zur Anerkennung aller Assistenzhunde und Schaffung verbindlicher Standards f\u00fcr die Ausbildung und Pr\u00fcfung von Assistenzhunden und die Ausbildungsst\u00e4tten\/trainer*innen.<\/li>\n<li>Politische Arbeit zu gesetzlichen Regelungen im BGG zu allen Bereichen der Assistenzhundeausbildung<\/li>\n<li>Politische Arbeit zur AHundV &#8211; Assistenzhundeverordnung<\/li>\n<li>Information von Betroffenen mit Beeintr\u00e4chtigung<\/li>\n<li>Information von sozialen Einrichtungen, SHGs, Stiftungen, Sozialverb\u00e4nden usw.<\/li>\n<li>Info-Veranstaltungen, Workshops und Schulungen zum Thema<\/li>\n<li>\u00d6ffentlichkeits- und Netzwerkarbeit bundesweit<\/li>\n<li>Initiierung und Durchf\u00fchrung einer online-Umfrage<\/li>\n<li>Initiierung und Durchf\u00fchrung eines Online-Kurses \u201eDer Weg zum Assistenzhund\u201c<\/li>\n<\/ul>\n<\/li>\n<\/ul>\n<p>Mit der Gr\u00fcndung 11\/2016<br \/>Entwicklung eines vorausschauenden Zukunftsprofils und Suche nach einem geeigneten Objekt zur Umsetzung aller Gr\u00fcndungsimpulse<\/p>\n<p>Seit 2018<br \/>Nutzung des Objektes \u201eDer Distelhof\u201c in Karst\u00e4dt GT Sargleben in Brandenburg als Veranstaltungsort und zur Umsetzung des Zukunftsprofils durch den Verein Associata e.V. zun\u00e4chst \u201ezur Probe\u201c. Schaffung und Nutzung einer Wohneinheit f\u00fcr eine Familie mit Angeh\u00f6rigen mit Behinderungen.<\/p>\n<p>Seit 2018<br \/>Erweiterung des Gr\u00fcndungsimpulse: Gelebte Inklusion in allen Lebensfeldern<\/p>\n\n\n\n<div class=\"wp-block-columns is-layout-flex wp-container-core-columns-is-layout-9d6595d7 wp-block-columns-is-layout-flex\">\n<div class=\"wp-block-column is-layout-flow wp-block-column-is-layout-flow\">\n<p>Seit 2019<br \/>Erweiterte Aktivit\u00e4ten im Distelhof als Veranstaltungsort \u00fcber das Thema Assistenzhund hinaus<\/p>\n<ul>\n<li style=\"list-style-type: none;\">\n<ul>\n<li>Offene Hof- und Familientage<\/li>\n<li>Gef\u00f6rderte inklusive Kinder \u2013 und Jugend-Projekte<\/li>\n<li>Gef\u00f6rderte inklusive Projekt f\u00fcr Erwachsene<\/li>\n<li>Vielf\u00e4ltige Themen-Veranstaltungen und Feste zu den Jahreszeiten<\/li>\n<li>Veranstaltungen mit Netzwerkpartner*innen<\/li>\n<li>Inklusives Kino im Dorf<\/li>\n<li>Auszeiten im Distelhof f\u00fcr Menschen in belasteten Lebenssituationen<\/li>\n<li>Unterkunftsm\u00f6glichkeit von Gefl\u00fcchteten aus der Ukraine<\/li>\n<\/ul>\n<\/li>\n<\/ul>\n<p>2019\/2020\/2021<br \/>Ausbremsung Corona, aber Fortf\u00fchrung aller Aktivit\u00e4ten mit kurzen Unterbrechungen in Kleingruppen. Online- und telefonische Beratung\/Information\/Netzwerkarbeit im Themenfeld Assistenzhund.<\/p>\n<p>Seit 2019<br \/>kontinuierliche Renovierungs-\/Sanierungsma\u00dfnahmen im Distelhof. Und Schaffung von Barrierefreiheit: Rampe zum Eingang, Stellplatz direkt am Haus, barrierefreies WC\/Bad.<\/p>\n<p>Seit 2019<br \/>Intensive Netzwerkarbeit in der Region und bundesweit zum Thema Inklusion.<\/p>\n<p>4\/2020<br \/>Erwerb des Gesamtobjektes \u201eDer Distelhof\u201c in Karst\u00e4dt GT Sargleben, um die Vereinsaktivit\u00e4ten auf sicherer Basis weiter ausbauen zu k\u00f6nnen. Finanzielle Basis durch Vermietung des Wohnraums an Menschen mit Behinderung oder mit Angeh\u00f6rigen mit Behinderung.<\/p>\n<p>2021<br \/>\u00c4nderung des Vereinsnamens von Associata-Assistenzhunde e.V. in Associata e.V. Der Gr\u00fcndungsname erweckte irrt\u00fcmlicherweise bei vielen Gespr\u00e4chsteilnehmer*innen den Eindruck, wir seien ein Hundeverein. Diese falsche Zuordnung unserer Vereinsaktivit\u00e4ten erschwerte auch die politische und Netzwerkarbeit.<\/p>\n<p>9\/2022<br \/>Verlegung des Vereinssitzes von Sternberg MV in den Distelhof. Im Distelhof wurde mit privaten Mitteln eine alters- und behindertengerechte Wohnung geschaffen. Umzug eines Vereinsvorstandes mit Partnerin mit Behinderung in den Distelhof. Damit wurde auch die Verlegung des Vereinssitzes, der sich bis dahin in den privaten Wohnr\u00e4umen des Vereinsvorstandes befand, erforderlich. Alle Vereinsaktivit\u00e4ten werden jetzt vom Distelhof aus organisiert und durchgef\u00fchrt. Auch die Verwaltung befindet sich im Distelhof.<\/p>\n<p>Associata e.V. hat seit der Gr\u00fcndung f\u00fcr seine Arbeit und Projekte wichtige Auszeichnungen und F\u00f6rderpreise erhalten. Unter anderem den Brandenburger Inklusionspreis Kunst, die Auszeichnung der IHK Potsdam \u201eRegion Zukunft\u201c, F\u00f6rderpreise \u201eTown &amp; Country\u201c, den Ernst-Engelbracht-Greve-Preis, die Auszeichnung eines Gr\u00fcndungsmitgliedes des Vereins als Botschafterin der W\u00e4rme der VNG-Stiftung, Deutscher Nachbarschaftspreis Brandenburg, Auszeichnung mit dem BBk-VBU-Familienherz. 2024 Nominierung f\u00fcr den Deutschen Engagement-Preis und den Engagement-Preis des \u201eVerbundnetz der W\u00e4rme\u201c der VNG-Stiftung, Leipzig.<\/p>\n<p>Kompetenzen der Mitglieder und Helfer: P\u00e4dagogik, Sonderp\u00e4dagogik, Heilp\u00e4dagogik, Sozialtherapie, Werbung, Projektmanagement, Marketing, Mediation, Coaching, Verwaltung, Unternehmensf\u00fchrung, Sozialversicherung, Reittherapie, Arbeit mit Menschen mit traumatischen Erlebnissen, Arbeit mit Gefl\u00fcchteten, Hunde- und AH-Training.<br \/>Mitglieder und Helfer kommen aus 7 Bundesl\u00e4ndern. Der Verein ist bundesweit vernetzt.<\/p>\n<p>Fast alle Mitglieder und weitere ehrenamtliche Helfer sind selbst von Behinderung betroffen oder haben Angeh\u00f6rige mit Behinderung. Viele haben berufliche Kompetenzen im Umgang mit Menschen mit Beeintr\u00e4chtigung.<\/p>\n<p>Altersspektrum Mitglieder und weitere ehrenamtliche Helfer: 16 \u2013 77 Jahre. Vorstand: 20 und 77 Jahre<\/p>\n\n\n\n<div class=\"wp-block-columns is-layout-flex wp-container-core-columns-is-layout-9d6595d7 wp-block-columns-is-layout-flex\">\n<div class=\"wp-block-column is-layout-flow wp-block-column-is-layout-flow\">\n<p>Wie der erweiterte Begriff \u2013 Der Distelhof &gt; Inklusionsort f\u00fcr Begegnung und Kreativit\u00e4t \u2013 ausdr\u00fcckt, steht \u00fcber allen Ideen, Visionen und Projekten von Associata e.V. \u2013 \u201egemeinsam stark\u201c &#8211; die Idee, einen Ort zu schaffen, an dem ein Miteinander von Menschen mit und ohne Beeintr\u00e4chtigung selbstverst\u00e4ndlich gelebt werden kann.<\/p>\n<p>Denn Behinderung entsteht erst, wenn Menschen mit Beeintr\u00e4chtigung durch die Au\u00dfenwelt, d.h. Barrieren jeglicher<br \/>Art oder durch andere Menschen an der selbstbestimmten sozialen Teilhabe \u201ebehindert\u201c werden. (UN-BRK.)<br \/>Associata e.V. fasst f\u00fcr seine inklusiven Angebote den Begriff Beeintr\u00e4chtigung sehr weit:<\/p>\n<ul>\n<li style=\"list-style-type: none;\">\n<ul>\n<li>K\u00f6rperliche, Sinnes- und seelische Beeintr\u00e4chtigung<\/li>\n<li>Finanzielle Beeintr\u00e4chtigung durch geringes Einkommen<\/li>\n<li>Alleinerziehende Eltern<\/li>\n<li>Besondere soziale Lebensumst\u00e4nde \u2013 z.B. Betreuung\/Pflege von Angeh\u00f6rigen mit Behinderung<\/li>\n<li>Belastende Lebenssituationen \u2013 Trennung, Arbeitsplatzverlust, schwere Krankheit<\/li>\n<\/ul>\n<\/li>\n<\/ul>\n<p>Der Vereinssitz \u201eDer Distelhof soll step by step ein Ort werden, an dem ein selbstverst\u00e4ndliches Miteinander in einer aktiven Gemeinschaft erlebbar wird: Solidarisch \u2013 kreativ \u2013 inklusiv \u2013 associativ \u2013 in den Sozialraum hineinwirkend. Eine Gemeinschaft, in der gemeinsames Wohnen \u2013 dauerhaft und tempor\u00e4r, Arbeiten, Wirtschaften, Leben, Lernen und Freizeit erleben vorbehaltlos inklusiv m\u00f6glich ist.<\/p>\n<p>Seit 2018<br \/>Der Verein ist seit 2018 Einsatzstelle f\u00fcr das F\u00d6J \u2013 Freiwilliges \u00d6kologisches Jahr<\/p>\n<p>Seit 5\/2023<br \/>hat der Verein einen Instagram-Account: @associata.ev initiiert und betreut von einer Gruppe junger Vereinsmitglieder und F\u00d6Jler*innen<\/p>\n<p>Seit 2024<br \/>Der Verein ist Mitglied im ABiD e.V. \u2013 Allgemeiner Behindertenverband in Deutschland e.V.<\/p>\n<\/div>\n<\/div>\n<\/div>\n<\/div>\n<\/div>\n<\/div>\n\n\n\n<div class=\"wp-block-columns is-layout-flex wp-container-core-columns-is-layout-9d6595d7 wp-block-columns-is-layout-flex\">\n<div class=\"wp-block-column is-layout-flow wp-block-column-is-layout-flow\">\n<p>Landessieger f\u00fcr Brandenburg<br \/>des Deutschen Nachbarschaftspreises 2024 Beitrag vom Empfang in der Staatskanzlei Potsdam in: DER TAG in Berlin und Brandenburg, rbb-Fernsehen am 17. Mai 2024<\/p>\n<p><a href=\"https:\/\/www.ardmediathek.de\/video\/der-tag-in-berlin-und-brandenburg\/inklusionsraum-distelhof\/rbb-fernsehen\/Y3JpZDovL3JiYl83MDc2YzY2OC0yNmI1LTRkMWMtODNlZS05ODVjMjdmODExNDVfcHVibGljYXRpb24\" target=\"_blank\" rel=\"noopener noreferrer\">https:\/\/www.ardmediathek.de\/video\/der-tag-in-berlin-und-brandenburg\/inklusionsraum-distelhof\/rbb-fernsehen\/Y3JpZDovL3JiYl83MDc2YzY2OC0yNmI1LTRkMWMtODNlZS05ODVjMjdmODExNDVfcHVibGljYXRpb24<\/a><\/p>\n<p>Auszeichnung durch das &#8222;Verbundnetz der W\u00e4rme&#8220; der VNG-Stiftung, Leipzig<br \/>Ilona Bartels wird &#8222;Botschafterin der W\u00e4rme&#8220; Auszeichnung im Juni 2021<\/p>\n<p><a href=\"https:\/\/www.youtube.com\/watch?v=qaJ9ygS59cI\" target=\"_blank\" rel=\"noopener\">https:\/\/www.youtube.com\/watch?v=qaJ9ygS59cI<\/a><\/p>\n<p>Auszeichnung mit dem Ernst Engelbrecht Greve Preis der Deutschen Landjugend<br \/>f\u00fcr das Projekt: &#8222;Inklusiver Erfahrungsraum im Distelhof&#8220;<br \/>Auszeichnung im Mai 2021<\/p>\n<p><a href=\"https:\/\/www.youtube.com\/watch?v=ShBLLg9ZE3U\" target=\"_blank\" rel=\"noopener\">https:\/\/www.youtube.com\/watch?v=ShBLLg9ZE3U<\/a><\/p>\n<p>Veranstaltung Associata Assistenzhunde e.V. in den Spandau Arkaden, Berlin<br \/>Bericht im Spandau TV am 07.04.2019<\/p>\n<p><a href=\"https:\/\/www.youtube.com\/watch?v=EcDXQJyTnno\" target=\"_blank\" rel=\"noopener noreferrer\">https:\/\/www.youtube.com\/watch?v=EcDXQJyTnno<\/a><\/p>\n<\/div>\n<\/div>\n","protected":false},"excerpt":{"rendered":"<p>Der Verein Associata e.V. \u2013 \u201egemeinsam stark\u201c &#8211; ist gemeinn\u00fctzig und arbeitet unabh\u00e4ngig und institutionell ungebunden. Vereinsmitglieder und alle Helfer engagieren sich ehrenamtlich. Veranstaltungen im Themenfeld Assistenzhund sowie die inklusiven Angebote f\u00fcr Kinder, Jugendliche und Erwachsene werden realisiert mit Projektf\u00f6rderungen, Spenden und ehrenamtlichem Engagement. Das Aktivit\u00e4tsspektrum des Vereins hat sich seit seiner Gr\u00fcndung kontinuierlich erweitert. Wichtige Eckdaten: Gr\u00fcndung 11\/2016unter dem Namen Associata-Assistenzhunde e.V. in Sternberg, MV, am Wohnsitz eines Vorstandsmitgliedes, als Antwort auf die Herausforderungen, die sich rund um das Thema Assistenzhund aus dem Kontakt zu AssistenzhundeTrainern und Menschen, die sich f\u00fcr die Verwirklichung von sozialer Teilhabe einen Assistenzhund an ihrer Seite w\u00fcnschen, gezeigt hatten. Seit Gr\u00fcndungKontinuierliche Aktivit\u00e4ten im Themenfeld Assistenzhund: Politische Arbeit bis zur Anerkennung aller Assistenzhunde und Schaffung verbindlicher Standards f\u00fcr die Ausbildung und Pr\u00fcfung von Assistenzhunden und die Ausbildungsst\u00e4tten\/trainer*innen. Politische Arbeit zu gesetzlichen Regelungen im BGG zu allen Bereichen der Assistenzhundeausbildung Politische Arbeit zur AHundV &#8211; Assistenzhundeverordnung Information von Betroffenen mit Beeintr\u00e4chtigung Information von sozialen Einrichtungen, SHGs, Stiftungen, Sozialverb\u00e4nden usw. Info-Veranstaltungen, Workshops und Schulungen zum Thema \u00d6ffentlichkeits- und Netzwerkarbeit bundesweit Initiierung und Durchf\u00fchrung einer online-Umfrage Initiierung und Durchf\u00fchrung eines Online-Kurses \u201eDer Weg zum Assistenzhund\u201c Mit der Gr\u00fcndung 11\/2016Entwicklung eines vorausschauenden Zukunftsprofils und Suche nach einem geeigneten Objekt zur Umsetzung aller Gr\u00fcndungsimpulse Seit 2018Nutzung des Objektes \u201eDer Distelhof\u201c in Karst\u00e4dt GT Sargleben in Brandenburg als Veranstaltungsort und zur Umsetzung des Zukunftsprofils durch den Verein Associata e.V. zun\u00e4chst \u201ezur Probe\u201c. Schaffung und Nutzung einer Wohneinheit f\u00fcr eine Familie mit Angeh\u00f6rigen mit Behinderungen. Seit 2018Erweiterung des Gr\u00fcndungsimpulse: Gelebte Inklusion in allen Lebensfeldern Seit 2019Erweiterte Aktivit\u00e4ten im Distelhof als Veranstaltungsort \u00fcber das Thema Assistenzhund hinaus Offene Hof- und Familientage Gef\u00f6rderte inklusive Kinder \u2013 und Jugend-Projekte Gef\u00f6rderte inklusive Projekt f\u00fcr Erwachsene Vielf\u00e4ltige Themen-Veranstaltungen und Feste zu den Jahreszeiten Veranstaltungen mit Netzwerkpartner*innen Inklusives Kino im Dorf Auszeiten im Distelhof f\u00fcr Menschen in belasteten Lebenssituationen Unterkunftsm\u00f6glichkeit von Gefl\u00fcchteten aus der Ukraine 2019\/2020\/2021Ausbremsung Corona, aber Fortf\u00fchrung aller Aktivit\u00e4ten mit kurzen Unterbrechungen in Kleingruppen. Online- und telefonische Beratung\/Information\/Netzwerkarbeit im Themenfeld Assistenzhund. Seit 2019kontinuierliche Renovierungs-\/Sanierungsma\u00dfnahmen im Distelhof. Und Schaffung von Barrierefreiheit: Rampe zum Eingang, Stellplatz direkt am Haus, barrierefreies WC\/Bad. Seit 2019Intensive Netzwerkarbeit in der Region und bundesweit zum Thema Inklusion. 4\/2020Erwerb des Gesamtobjektes \u201eDer Distelhof\u201c in Karst\u00e4dt GT Sargleben, um die Vereinsaktivit\u00e4ten auf sicherer Basis weiter ausbauen zu k\u00f6nnen. Finanzielle Basis durch Vermietung des Wohnraums an Menschen mit Behinderung oder mit Angeh\u00f6rigen mit Behinderung. 2021\u00c4nderung des Vereinsnamens von Associata-Assistenzhunde e.V. in Associata e.V. Der Gr\u00fcndungsname erweckte irrt\u00fcmlicherweise bei vielen Gespr\u00e4chsteilnehmer*innen den Eindruck, wir seien ein Hundeverein. Diese falsche Zuordnung unserer Vereinsaktivit\u00e4ten erschwerte auch die politische und Netzwerkarbeit. 9\/2022Verlegung des Vereinssitzes von Sternberg MV in den Distelhof. Im Distelhof wurde mit privaten Mitteln eine alters- und behindertengerechte Wohnung geschaffen. Umzug eines Vereinsvorstandes mit Partnerin mit Behinderung in den Distelhof. Damit wurde auch die Verlegung des Vereinssitzes, der sich bis dahin in den privaten Wohnr\u00e4umen des Vereinsvorstandes befand, erforderlich. Alle Vereinsaktivit\u00e4ten werden jetzt vom Distelhof aus organisiert und durchgef\u00fchrt. Auch die Verwaltung befindet sich im Distelhof. Associata e.V. hat seit der Gr\u00fcndung f\u00fcr seine Arbeit und Projekte wichtige Auszeichnungen und F\u00f6rderpreise erhalten. Unter anderem den Brandenburger Inklusionspreis Kunst, die Auszeichnung der IHK Potsdam \u201eRegion Zukunft\u201c, F\u00f6rderpreise \u201eTown &amp; Country\u201c, den Ernst-Engelbracht-Greve-Preis, die Auszeichnung eines Gr\u00fcndungsmitgliedes des Vereins als Botschafterin der W\u00e4rme der VNG-Stiftung, Deutscher Nachbarschaftspreis Brandenburg, Auszeichnung mit dem BBk-VBU-Familienherz. 2024 Nominierung f\u00fcr den Deutschen Engagement-Preis und den Engagement-Preis des \u201eVerbundnetz der W\u00e4rme\u201c der VNG-Stiftung, Leipzig. Kompetenzen der Mitglieder und Helfer: P\u00e4dagogik, Sonderp\u00e4dagogik, Heilp\u00e4dagogik, Sozialtherapie, Werbung, Projektmanagement, Marketing, Mediation, Coaching, Verwaltung, Unternehmensf\u00fchrung, Sozialversicherung, Reittherapie, Arbeit mit Menschen mit traumatischen Erlebnissen, Arbeit mit Gefl\u00fcchteten, Hunde- und AH-Training.Mitglieder und Helfer kommen aus 7 Bundesl\u00e4ndern. Der Verein ist bundesweit vernetzt. Fast alle Mitglieder und weitere ehrenamtliche Helfer sind selbst von Behinderung betroffen oder haben Angeh\u00f6rige mit Behinderung. Viele haben berufliche Kompetenzen im Umgang mit Menschen mit Beeintr\u00e4chtigung. Altersspektrum Mitglieder und weitere ehrenamtliche Helfer: 16 \u2013 77 Jahre. Vorstand: 20 und 77 Jahre Wie der erweiterte Begriff \u2013 Der Distelhof &gt; Inklusionsort f\u00fcr Begegnung und Kreativit\u00e4t \u2013 ausdr\u00fcckt, steht \u00fcber allen Ideen, Visionen und Projekten von Associata e.V. \u2013 \u201egemeinsam stark\u201c &#8211; die Idee, einen Ort zu schaffen, an dem ein Miteinander von Menschen mit und ohne Beeintr\u00e4chtigung selbstverst\u00e4ndlich gelebt werden kann. Denn Behinderung entsteht erst, wenn Menschen mit Beeintr\u00e4chtigung durch die Au\u00dfenwelt, d.h. Barrieren jeglicherArt oder durch andere Menschen an der selbstbestimmten sozialen Teilhabe \u201ebehindert\u201c werden. (UN-BRK.)Associata e.V. fasst f\u00fcr seine inklusiven Angebote den Begriff Beeintr\u00e4chtigung sehr weit: K\u00f6rperliche, Sinnes- und seelische Beeintr\u00e4chtigung Finanzielle Beeintr\u00e4chtigung durch geringes Einkommen Alleinerziehende Eltern Besondere soziale Lebensumst\u00e4nde \u2013 z.B. Betreuung\/Pflege von Angeh\u00f6rigen mit Behinderung Belastende Lebenssituationen \u2013 Trennung, Arbeitsplatzverlust, schwere Krankheit Der Vereinssitz \u201eDer Distelhof soll step by step ein Ort werden, an dem ein selbstverst\u00e4ndliches Miteinander in einer aktiven Gemeinschaft erlebbar wird: Solidarisch \u2013 kreativ \u2013 inklusiv \u2013 associativ \u2013 in den Sozialraum hineinwirkend. Eine Gemeinschaft, in der gemeinsames Wohnen \u2013 dauerhaft und tempor\u00e4r, Arbeiten, Wirtschaften, Leben, Lernen und Freizeit erleben vorbehaltlos inklusiv m\u00f6glich ist. Seit 2018Der Verein ist seit 2018 Einsatzstelle f\u00fcr das F\u00d6J \u2013 Freiwilliges \u00d6kologisches Jahr Seit 5\/2023hat der Verein einen Instagram-Account: @associata.ev initiiert und betreut von einer Gruppe junger Vereinsmitglieder und F\u00d6Jler*innen Seit 2024Der Verein ist Mitglied im ABiD e.V. \u2013 Allgemeiner Behindertenverband in Deutschland e.V. Landessieger f\u00fcr Brandenburgdes Deutschen Nachbarschaftspreises 2024 Beitrag vom Empfang in der Staatskanzlei Potsdam in: DER TAG in Berlin und Brandenburg, rbb-Fernsehen am 17. Mai 2024 https:\/\/www.ardmediathek.de\/video\/der-tag-in-berlin-und-brandenburg\/inklusionsraum-distelhof\/rbb-fernsehen\/Y3JpZDovL3JiYl83MDc2YzY2OC0yNmI1LTRkMWMtODNlZS05ODVjMjdmODExNDVfcHVibGljYXRpb24 Auszeichnung durch das &#8222;Verbundnetz der W\u00e4rme&#8220; der VNG-Stiftung, LeipzigIlona Bartels wird &#8222;Botschafterin der W\u00e4rme&#8220; Auszeichnung im Juni 2021 https:\/\/www.youtube.com\/watch?v=qaJ9ygS59cI Auszeichnung mit dem Ernst Engelbrecht Greve Preis der Deutschen Landjugendf\u00fcr das Projekt: &#8222;Inklusiver Erfahrungsraum im Distelhof&#8220;Auszeichnung im Mai 2021 https:\/\/www.youtube.com\/watch?v=ShBLLg9ZE3U Veranstaltung Associata Assistenzhunde e.V. in den Spandau Arkaden, BerlinBericht im Spandau TV am 07.04.2019 https:\/\/www.youtube.com\/watch?v=EcDXQJyTnno<\/p>\n","protected":false},"author":1,"featured_media":0,"parent":0,"menu_order":0,"comment_status":"closed","ping_status":"closed","template":"","meta":{"_acf_changed":false,"footnotes":""},"class_list":["post-342","page","type-page","status-publish","hentry"],"acf":[],"yoast_head":"<!-- This site is optimized with the Yoast SEO plugin v26.9 - https:\/\/yoast.com\/product\/yoast-seo-wordpress\/ -->\n<title>Verein im \u00dcberblick - Associata-e.V.<\/title>\n<meta name=\"description\" content=\"Associata-e.V. Verein im \u00dcberblick\" \/>\n<meta name=\"robots\" content=\"index, follow, max-snippet:-1, max-image-preview:large, max-video-preview:-1\" \/>\n<link rel=\"canonical\" href=\"https:\/\/associata-ev.de\/verein\/traeger-des-distelhofs\/\" \/>\n<meta property=\"og:locale\" content=\"de_DE\" \/>\n<meta property=\"og:type\" content=\"article\" \/>\n<meta property=\"og:title\" content=\"Verein im \u00dcberblick - Associata-e.V.\" \/>\n<meta property=\"og:description\" content=\"Associata-e.V. Verein im \u00dcberblick\" \/>\n<meta property=\"og:url\" content=\"https:\/\/associata-ev.de\/verein\/traeger-des-distelhofs\/\" \/>\n<meta property=\"og:site_name\" content=\"Associata-e.V.\" \/>\n<meta property=\"article:modified_time\" content=\"2024-08-07T08:48:46+00:00\" \/>\n<meta name=\"twitter:card\" content=\"summary_large_image\" \/>\n<meta name=\"twitter:label1\" content=\"Gesch\u00e4tzte Lesezeit\" \/>\n\t<meta name=\"twitter:data1\" content=\"6\u00a0Minuten\" \/>\n<script type=\"application\/ld+json\" class=\"yoast-schema-graph\">{\"@context\":\"https:\/\/schema.org\",\"@graph\":[{\"@type\":[\"Article\",\"BlogPosting\"],\"@id\":\"https:\/\/associata-ev.de\/verein\/traeger-des-distelhofs\/#article\",\"isPartOf\":{\"@id\":\"https:\/\/associata-ev.de\/verein\/traeger-des-distelhofs\/\"},\"author\":{\"name\":\"ReneKnopp\",\"@id\":\"https:\/\/associata-ev.de\/verein\/#\/schema\/person\/e73782c4f0cecc6663b33b456118525f\"},\"headline\":\"Verein im \u00dcberblick\",\"datePublished\":\"2023-03-11T19:24:59+00:00\",\"dateModified\":\"2024-08-07T08:48:46+00:00\",\"mainEntityOfPage\":{\"@id\":\"https:\/\/associata-ev.de\/verein\/traeger-des-distelhofs\/\"},\"wordCount\":1063,\"publisher\":{\"@id\":\"https:\/\/associata-ev.de\/verein\/#organization\"},\"inLanguage\":\"de\"},{\"@type\":\"WebPage\",\"@id\":\"https:\/\/associata-ev.de\/verein\/traeger-des-distelhofs\/\",\"url\":\"https:\/\/associata-ev.de\/verein\/traeger-des-distelhofs\/\",\"name\":\"Verein im \u00dcberblick - Associata-e.V.\",\"isPartOf\":{\"@id\":\"https:\/\/associata-ev.de\/verein\/#website\"},\"datePublished\":\"2023-03-11T19:24:59+00:00\",\"dateModified\":\"2024-08-07T08:48:46+00:00\",\"description\":\"Associata-e.V. Verein im \u00dcberblick\",\"breadcrumb\":{\"@id\":\"https:\/\/associata-ev.de\/verein\/traeger-des-distelhofs\/#breadcrumb\"},\"inLanguage\":\"de\",\"potentialAction\":[{\"@type\":\"ReadAction\",\"target\":[\"https:\/\/associata-ev.de\/verein\/traeger-des-distelhofs\/\"]}]},{\"@type\":\"BreadcrumbList\",\"@id\":\"https:\/\/associata-ev.de\/verein\/traeger-des-distelhofs\/#breadcrumb\",\"itemListElement\":[{\"@type\":\"ListItem\",\"position\":1,\"name\":\"Verein\",\"item\":\"https:\/\/associata-ev.de\/verein\/\"},{\"@type\":\"ListItem\",\"position\":2,\"name\":\"Verein im \u00dcberblick\"}]},{\"@type\":\"WebSite\",\"@id\":\"https:\/\/associata-ev.de\/verein\/#website\",\"url\":\"https:\/\/associata-ev.de\/verein\/\",\"name\":\"Associata-e.V.\",\"description\":\"\",\"publisher\":{\"@id\":\"https:\/\/associata-ev.de\/verein\/#organization\"},\"potentialAction\":[{\"@type\":\"SearchAction\",\"target\":{\"@type\":\"EntryPoint\",\"urlTemplate\":\"https:\/\/associata-ev.de\/verein\/?s={search_term_string}\"},\"query-input\":{\"@type\":\"PropertyValueSpecification\",\"valueRequired\":true,\"valueName\":\"search_term_string\"}}],\"inLanguage\":\"de\"},{\"@type\":\"Organization\",\"@id\":\"https:\/\/associata-ev.de\/verein\/#organization\",\"name\":\"Associata e.V.\",\"url\":\"https:\/\/associata-ev.de\/verein\/\",\"logo\":{\"@type\":\"ImageObject\",\"inLanguage\":\"de\",\"@id\":\"https:\/\/associata-ev.de\/verein\/#\/schema\/logo\/image\/\",\"url\":\"https:\/\/associata-ev.de\/wp-content\/uploads\/2023\/03\/IMG-20230312-WA0021-2.png\",\"contentUrl\":\"https:\/\/associata-ev.de\/wp-content\/uploads\/2023\/03\/IMG-20230312-WA0021-2.png\",\"width\":1200,\"height\":297,\"caption\":\"Associata e.V.\"},\"image\":{\"@id\":\"https:\/\/associata-ev.de\/verein\/#\/schema\/logo\/image\/\"}},{\"@type\":\"Person\",\"@id\":\"https:\/\/associata-ev.de\/verein\/#\/schema\/person\/e73782c4f0cecc6663b33b456118525f\",\"name\":\"ReneKnopp\",\"image\":{\"@type\":\"ImageObject\",\"inLanguage\":\"de\",\"@id\":\"https:\/\/associata-ev.de\/verein\/#\/schema\/person\/image\/\",\"url\":\"https:\/\/secure.gravatar.com\/avatar\/79a2e70279472c96f215f3e85d1f1152ef5abd1cbb4778b50af4e74cf37c6ea1?s=96&d=mm&r=g\",\"contentUrl\":\"https:\/\/secure.gravatar.com\/avatar\/79a2e70279472c96f215f3e85d1f1152ef5abd1cbb4778b50af4e74cf37c6ea1?s=96&d=mm&r=g\",\"caption\":\"ReneKnopp\"},\"sameAs\":[\"https:\/\/associata-ev.de\"],\"url\":\"https:\/\/associata-ev.de\/verein\/author\/reneknopp\/\"}]}<\/script>\n<!-- \/ Yoast SEO plugin. -->","yoast_head_json":{"title":"Verein im \u00dcberblick - Associata-e.V.","description":"Associata-e.V. Verein im \u00dcberblick","robots":{"index":"index","follow":"follow","max-snippet":"max-snippet:-1","max-image-preview":"max-image-preview:large","max-video-preview":"max-video-preview:-1"},"canonical":"https:\/\/associata-ev.de\/verein\/traeger-des-distelhofs\/","og_locale":"de_DE","og_type":"article","og_title":"Verein im \u00dcberblick - Associata-e.V.","og_description":"Associata-e.V. Verein im \u00dcberblick","og_url":"https:\/\/associata-ev.de\/verein\/traeger-des-distelhofs\/","og_site_name":"Associata-e.V.","article_modified_time":"2024-08-07T08:48:46+00:00","twitter_card":"summary_large_image","twitter_misc":{"Gesch\u00e4tzte Lesezeit":"6\u00a0Minuten"},"schema":{"@context":"https:\/\/schema.org","@graph":[{"@type":["Article","BlogPosting"],"@id":"https:\/\/associata-ev.de\/verein\/traeger-des-distelhofs\/#article","isPartOf":{"@id":"https:\/\/associata-ev.de\/verein\/traeger-des-distelhofs\/"},"author":{"name":"ReneKnopp","@id":"https:\/\/associata-ev.de\/verein\/#\/schema\/person\/e73782c4f0cecc6663b33b456118525f"},"headline":"Verein im \u00dcberblick","datePublished":"2023-03-11T19:24:59+00:00","dateModified":"2024-08-07T08:48:46+00:00","mainEntityOfPage":{"@id":"https:\/\/associata-ev.de\/verein\/traeger-des-distelhofs\/"},"wordCount":1063,"publisher":{"@id":"https:\/\/associata-ev.de\/verein\/#organization"},"inLanguage":"de"},{"@type":"WebPage","@id":"https:\/\/associata-ev.de\/verein\/traeger-des-distelhofs\/","url":"https:\/\/associata-ev.de\/verein\/traeger-des-distelhofs\/","name":"Verein im \u00dcberblick - Associata-e.V.","isPartOf":{"@id":"https:\/\/associata-ev.de\/verein\/#website"},"datePublished":"2023-03-11T19:24:59+00:00","dateModified":"2024-08-07T08:48:46+00:00","description":"Associata-e.V. Verein im \u00dcberblick","breadcrumb":{"@id":"https:\/\/associata-ev.de\/verein\/traeger-des-distelhofs\/#breadcrumb"},"inLanguage":"de","potentialAction":[{"@type":"ReadAction","target":["https:\/\/associata-ev.de\/verein\/traeger-des-distelhofs\/"]}]},{"@type":"BreadcrumbList","@id":"https:\/\/associata-ev.de\/verein\/traeger-des-distelhofs\/#breadcrumb","itemListElement":[{"@type":"ListItem","position":1,"name":"Verein","item":"https:\/\/associata-ev.de\/verein\/"},{"@type":"ListItem","position":2,"name":"Verein im \u00dcberblick"}]},{"@type":"WebSite","@id":"https:\/\/associata-ev.de\/verein\/#website","url":"https:\/\/associata-ev.de\/verein\/","name":"Associata-e.V.","description":"","publisher":{"@id":"https:\/\/associata-ev.de\/verein\/#organization"},"potentialAction":[{"@type":"SearchAction","target":{"@type":"EntryPoint","urlTemplate":"https:\/\/associata-ev.de\/verein\/?s={search_term_string}"},"query-input":{"@type":"PropertyValueSpecification","valueRequired":true,"valueName":"search_term_string"}}],"inLanguage":"de"},{"@type":"Organization","@id":"https:\/\/associata-ev.de\/verein\/#organization","name":"Associata e.V.","url":"https:\/\/associata-ev.de\/verein\/","logo":{"@type":"ImageObject","inLanguage":"de","@id":"https:\/\/associata-ev.de\/verein\/#\/schema\/logo\/image\/","url":"https:\/\/associata-ev.de\/wp-content\/uploads\/2023\/03\/IMG-20230312-WA0021-2.png","contentUrl":"https:\/\/associata-ev.de\/wp-content\/uploads\/2023\/03\/IMG-20230312-WA0021-2.png","width":1200,"height":297,"caption":"Associata e.V."},"image":{"@id":"https:\/\/associata-ev.de\/verein\/#\/schema\/logo\/image\/"}},{"@type":"Person","@id":"https:\/\/associata-ev.de\/verein\/#\/schema\/person\/e73782c4f0cecc6663b33b456118525f","name":"ReneKnopp","image":{"@type":"ImageObject","inLanguage":"de","@id":"https:\/\/associata-ev.de\/verein\/#\/schema\/person\/image\/","url":"https:\/\/secure.gravatar.com\/avatar\/79a2e70279472c96f215f3e85d1f1152ef5abd1cbb4778b50af4e74cf37c6ea1?s=96&d=mm&r=g","contentUrl":"https:\/\/secure.gravatar.com\/avatar\/79a2e70279472c96f215f3e85d1f1152ef5abd1cbb4778b50af4e74cf37c6ea1?s=96&d=mm&r=g","caption":"ReneKnopp"},"sameAs":["https:\/\/associata-ev.de"],"url":"https:\/\/associata-ev.de\/verein\/author\/reneknopp\/"}]}},"_links":{"self":[{"href":"https:\/\/associata-ev.de\/verein\/wp-json\/wp\/v2\/pages\/342","targetHints":{"allow":["GET"]}}],"collection":[{"href":"https:\/\/associata-ev.de\/verein\/wp-json\/wp\/v2\/pages"}],"about":[{"href":"https:\/\/associata-ev.de\/verein\/wp-json\/wp\/v2\/types\/page"}],"author":[{"embeddable":true,"href":"https:\/\/associata-ev.de\/verein\/wp-json\/wp\/v2\/users\/1"}],"replies":[{"embeddable":true,"href":"https:\/\/associata-ev.de\/verein\/wp-json\/wp\/v2\/comments?post=342"}],"version-history":[{"count":9,"href":"https:\/\/associata-ev.de\/verein\/wp-json\/wp\/v2\/pages\/342\/revisions"}],"predecessor-version":[{"id":2241,"href":"https:\/\/associata-ev.de\/verein\/wp-json\/wp\/v2\/pages\/342\/revisions\/2241"}],"wp:attachment":[{"href":"https:\/\/associata-ev.de\/verein\/wp-json\/wp\/v2\/media?parent=342"}],"curies":[{"name":"wp","href":"https:\/\/api.w.org\/{rel}","templated":true}]}}