{"id":350,"date":"2023-03-11T20:28:24","date_gmt":"2023-03-11T19:28:24","guid":{"rendered":"https:\/\/associata-ev.de\/?page_id=350"},"modified":"2025-11-28T10:37:45","modified_gmt":"2025-11-28T09:37:45","slug":"news","status":"publish","type":"page","link":"https:\/\/associata-ev.de\/verein\/news\/","title":{"rendered":"News"},"content":{"rendered":"\n<div class=\"wp-block-columns is-layout-flex wp-container-core-columns-is-layout-9d6595d7 wp-block-columns-is-layout-flex\">\n<div class=\"wp-block-column is-layout-flow wp-block-column-is-layout-flow\" style=\"flex-basis:66.66%\">\n<h3>Herbsstag im Distelhof<\/h3>\n<p>Am 22. November 2025 trafen sich gro\u00dfe und kleine G\u00e4ste an einem stimmungsvollen Herbsttag im Distelhof zum Kreativsein, Plaudern und Genie\u00dfen:<\/p>\n<p>In der geschm\u00fcckten, gem\u00fctlichen Kreativwerkstatt wurden Kerzen aus Bienenwachs gezogen, herbstliche Moosg\u00e4rtlein gestaltet und Anh\u00e4nger an der Tretlaubs\u00e4ge ausges\u00e4gt.<\/p>\n<p>Im kleinen Vereinscaf\u00e9 gab es s\u00fc\u00dfe Leckereien, Apfelpunsch und eine w\u00e4rmende Herbstsuppe. Wie immer alles selbstgemacht. Neben der renovierten, sch\u00f6nen Kreativwerkstatt im Hof bruzzelten die Bratw\u00fcrste und junge Vereinsmitglieder fertigten mit viel Geschick tolle Crepes.<\/p>\n<p>An den Feuerschalen und im Caf\u00e9 wurden angeregte Gespr\u00e4ch gef\u00fchrt. Auch das Interesse der Besucher an der Arbeit des Vereins und seinen unterschiedlichen Projekten war gro\u00df.<\/p>\n<p>Alle freuen sich auf den n\u00e4chsten Hoftag im Fr\u00fchling.<\/p>\n<p><a href=\"https:\/\/associata-ev.de\/wp-content\/uploads\/2025\/11\/Collage-Herbsttag.pdf\" target=\"_blank\" rel=\"noopener\">zur Collage<\/a><\/p>\n<\/div>\n\n\n\n<div class=\"wp-block-column is-layout-flow wp-block-column-is-layout-flow\" style=\"flex-basis:33.33%\">\n<figure class=\"wp-block-image size-large is-resized\"><a href=\"https:\/\/associata-ev.de\/wp-content\/uploads\/2025\/11\/1a.jpg\" target=\"_blank\" rel=\" noreferrer noopener\"><img loading=\"lazy\" decoding=\"async\" width=\"576\" height=\"1024\" src=\"https:\/\/associata-ev.de\/wp-content\/uploads\/2025\/11\/1a-576x1024.jpg\" alt=\"\" class=\"wp-image-2654\" style=\"width:186px;height:auto\" srcset=\"https:\/\/associata-ev.de\/wp-content\/uploads\/2025\/11\/1a-576x1024.jpg 576w, https:\/\/associata-ev.de\/wp-content\/uploads\/2025\/11\/1a-169x300.jpg 169w, https:\/\/associata-ev.de\/wp-content\/uploads\/2025\/11\/1a-768x1365.jpg 768w, https:\/\/associata-ev.de\/wp-content\/uploads\/2025\/11\/1a-864x1536.jpg 864w, https:\/\/associata-ev.de\/wp-content\/uploads\/2025\/11\/1a.jpg 900w\" sizes=\"auto, (max-width: 576px) 100vw, 576px\" \/><\/a><\/figure>\n<\/div>\n<\/div>\n\n\n\n<div class=\"wp-block-columns is-layout-flex wp-container-core-columns-is-layout-9d6595d7 wp-block-columns-is-layout-flex\">\n<div class=\"wp-block-column is-layout-flow wp-block-column-is-layout-flow\" style=\"flex-basis:66.66%\"><\/div>\n\n\n\n<div class=\"wp-block-column is-layout-flow wp-block-column-is-layout-flow\" style=\"flex-basis:33.33%\"><\/div>\n<\/div>\n\n\n\n<hr class=\"wp-block-separator aligncenter has-alpha-channel-opacity is-style-wide\"\/>\n\n\n\n<div class=\"wp-block-columns is-layout-flex wp-container-core-columns-is-layout-9d6595d7 wp-block-columns-is-layout-flex\">\n<div class=\"wp-block-column is-layout-flow wp-block-column-is-layout-flow\" style=\"flex-basis:66.66%\">\n<p>Ein Weidengang entsteht.<br \/>Ein langgehegter Wunsch wird umgesetzt: Im weitl\u00e4ufigen, naturnahen Entdeckungs-, Spiel- und Erholungssraum im Distelhof entsteht auf einem flachen H\u00fcgel ein langer Weidengang &#8211; f\u00fcr Klein und Gro\u00df. Mit einer Spende der Firma Voelkel wird dieses Projekt umgesetzt. Herzlichen Dank!<\/p>\n<p><a href=\"https:\/\/associata-ev.de\/wp-content\/uploads\/2025\/11\/Collage-Weidentunnel-II.pdf\" target=\"_blank\" rel=\"noopener\">Zur PDF Datei<\/a><\/p>\n<\/div>\n\n\n\n<div class=\"wp-block-column is-layout-flow wp-block-column-is-layout-flow\" style=\"flex-basis:33.33%\">\n<figure class=\"wp-block-image size-large is-resized\"><img loading=\"lazy\" decoding=\"async\" width=\"1024\" height=\"244\" src=\"https:\/\/associata-ev.de\/wp-content\/uploads\/2025\/11\/Voelkel-Logo_RGB_ohne-1024x244.png\" alt=\"\" class=\"wp-image-2648\" style=\"width:223px;height:auto\" srcset=\"https:\/\/associata-ev.de\/wp-content\/uploads\/2025\/11\/Voelkel-Logo_RGB_ohne-1024x244.png 1024w, https:\/\/associata-ev.de\/wp-content\/uploads\/2025\/11\/Voelkel-Logo_RGB_ohne-300x72.png 300w, https:\/\/associata-ev.de\/wp-content\/uploads\/2025\/11\/Voelkel-Logo_RGB_ohne-768x183.png 768w, https:\/\/associata-ev.de\/wp-content\/uploads\/2025\/11\/Voelkel-Logo_RGB_ohne-1536x367.png 1536w, https:\/\/associata-ev.de\/wp-content\/uploads\/2025\/11\/Voelkel-Logo_RGB_ohne-1140x272.png 1140w, https:\/\/associata-ev.de\/wp-content\/uploads\/2025\/11\/Voelkel-Logo_RGB_ohne.png 1869w\" sizes=\"auto, (max-width: 1024px) 100vw, 1024px\" \/><\/figure>\n<\/div>\n<\/div>\n\n\n\n<hr class=\"wp-block-separator aligncenter has-alpha-channel-opacity is-style-wide\"\/>\n\n\n\n<div class=\"wp-block-columns is-layout-flex wp-container-core-columns-is-layout-9d6595d7 wp-block-columns-is-layout-flex\">\n<div class=\"wp-block-column is-layout-flow wp-block-column-is-layout-flow\" style=\"flex-basis:66.66%\">\n<p><em><strong>F\u00f6rderung aus dem LEADER Regionalbudget<\/strong><\/em><\/p>\n\n\n\n<p><em><strong>Unsere Kreativwerkstatt hat ein neues Dach. <\/strong><\/em><em><strong>Wir sagen herzlichen Dank <\/strong><\/em><em><strong>der LEADER Regionalgruppe Storchenland-Prignitz. <\/strong><\/em><em><strong>Die F\u00f6rderung wurde erm\u00f6glicht mit LEADER-Mitteln des Europ\u00e4ischen Landwirtschaftsfonds (ELER) und des Landes Brandenburg.<\/strong><\/em><\/p>\n\n\n\n<figure class=\"wp-block-image\">\n  <a href=\"https:\/\/associata-ev.de\/wp-content\/uploads\/2025\/07\/Hinweis-auf-Foerderung-Regionalbudget.png\" target=\"_blank\">\n    <img decoding=\"async\"\n      src=\"https:\/\/associata-ev.de\/wp-content\/uploads\/2025\/07\/Hinweis-auf-Foerderung-Regionalbudget-300x32.png\"\n      alt=\"Hinweis auf F\u00f6rderung Regionalbudget\"\n      style=\"width: 450px; height: 50px; cursor: pointer;\"\n    \/>\n  <\/a>\n<\/figure>\n\n\n\n<p><a href=\"https:\/\/associata-ev.de\/wp-content\/uploads\/2025\/07\/Hinweis-auf-Foerderung-Regionalbudget.png\" target=\"_blank\" rel=\"noreferrer noopener\"><\/a><\/p>\n<\/div>\n\n\n\n<div class=\"wp-block-column is-layout-flow wp-block-column-is-layout-flow\" style=\"flex-basis:33.33%\">\n<figure class=\"wp-block-gallery has-nested-images columns-default is-cropped wp-block-gallery-1 is-layout-flex wp-block-gallery-is-layout-flex\">\n<figure class=\"wp-block-image size-large\"><a href=\"https:\/\/associata-ev.de\/wp-content\/uploads\/2025\/07\/0001.jpg\"><img loading=\"lazy\" decoding=\"async\" width=\"724\" height=\"1024\" data-id=\"2630\" src=\"https:\/\/associata-ev.de\/wp-content\/uploads\/2025\/07\/0001-724x1024.jpg\" alt=\"\" class=\"wp-image-2630\" srcset=\"https:\/\/associata-ev.de\/wp-content\/uploads\/2025\/07\/0001-724x1024.jpg 724w, https:\/\/associata-ev.de\/wp-content\/uploads\/2025\/07\/0001-212x300.jpg 212w, https:\/\/associata-ev.de\/wp-content\/uploads\/2025\/07\/0001-768x1086.jpg 768w, https:\/\/associata-ev.de\/wp-content\/uploads\/2025\/07\/0001-1086x1536.jpg 1086w, https:\/\/associata-ev.de\/wp-content\/uploads\/2025\/07\/0001-1140x1612.jpg 1140w, https:\/\/associata-ev.de\/wp-content\/uploads\/2025\/07\/0001.jpg 1190w\" sizes=\"auto, (max-width: 724px) 100vw, 724px\" \/><\/a><\/figure>\n\n\n\n<figure class=\"wp-block-image size-large\"><a href=\"https:\/\/associata-ev.de\/wp-content\/uploads\/2025\/07\/0002.jpg\"><img loading=\"lazy\" decoding=\"async\" width=\"724\" height=\"1024\" data-id=\"2631\" src=\"https:\/\/associata-ev.de\/wp-content\/uploads\/2025\/07\/0002-724x1024.jpg\" alt=\"\" class=\"wp-image-2631\" srcset=\"https:\/\/associata-ev.de\/wp-content\/uploads\/2025\/07\/0002-724x1024.jpg 724w, https:\/\/associata-ev.de\/wp-content\/uploads\/2025\/07\/0002-212x300.jpg 212w, https:\/\/associata-ev.de\/wp-content\/uploads\/2025\/07\/0002-768x1086.jpg 768w, https:\/\/associata-ev.de\/wp-content\/uploads\/2025\/07\/0002-1086x1536.jpg 1086w, https:\/\/associata-ev.de\/wp-content\/uploads\/2025\/07\/0002-1140x1612.jpg 1140w, https:\/\/associata-ev.de\/wp-content\/uploads\/2025\/07\/0002.jpg 1190w\" sizes=\"auto, (max-width: 724px) 100vw, 724px\" \/><\/a><\/figure>\n<\/figure>\n<\/div>\n<\/div>\n\n\n\n<hr class=\"wp-block-separator aligncenter has-alpha-channel-opacity is-style-wide\"\/>\n\n\n\n<div class=\"wp-block-columns is-layout-flex wp-container-core-columns-is-layout-9d6595d7 wp-block-columns-is-layout-flex\">\n<div class=\"wp-block-column is-layout-flow wp-block-column-is-layout-flow\" style=\"flex-basis:66.66%\">\n<p>Junges Engagement f\u00fcr Associata e.V. bei einem tollen, inklusiven Workcamp im Mai. Ein gro\u00dfes Dankesch\u00f6n! an 16 junge Leute aus drei Bundesl\u00e4ndern, die sich im Distelhof trafen, um uns bei verschiedenen Projekten in Haus, Hof und Garten ehrenamtlich zu unterst\u00fctzen.\u00a0 Ihr hattet tolle Ideen und habt uns mit Kreativit\u00e4t, super Motivation, guter Laune und viel Engagement sehr geholfen. Auch der soziale Zusammenhalt hat uns begeistert. Wir freuen uns auf ein Wiedersehen.<\/p>\n<p>Mit privaten Spenden und einer F\u00f6rderung der DSEE <img loading=\"lazy\" decoding=\"async\" style=\"width: 200px; height: auto;\" src=\"https:\/\/associata-ev.de\/wp-content\/uploads\/2023\/07\/D-S-E-E_Logo-komplett-CMYK_Foerderhinweis_transparent-300x98.png\" alt=\"\" width=\"300\" height=\"98\" \/> wurde das Workcamp erm\u00f6glicht.<\/p>\n<div style=\"width: 848px;\" class=\"wp-video\"><video class=\"wp-video-shortcode\" id=\"video-350-1\" width=\"848\" height=\"480\" preload=\"metadata\" controls=\"controls\"><source type=\"video\/mp4\" src=\"https:\/\/associata-ev.de\/wp-content\/uploads\/2025\/06\/associata-video-logos.mp4?_=1\" \/><a href=\"https:\/\/associata-ev.de\/wp-content\/uploads\/2025\/06\/associata-video-logos.mp4\">https:\/\/associata-ev.de\/wp-content\/uploads\/2025\/06\/associata-video-logos.mp4<\/a><\/video><\/div>\n<\/div>\n\n\n\n<div class=\"wp-block-column is-layout-flow wp-block-column-is-layout-flow\">\n<figure class=\"wp-block-gallery has-nested-images columns-default is-cropped wp-block-gallery-2 is-layout-flex wp-block-gallery-is-layout-flex\">\n<figure class=\"wp-block-image size-large\"><a href=\"https:\/\/associata-ev.de\/wp-content\/uploads\/2025\/06\/B-Inklusives-Workcamp-im-Distelhof-Collage-II.jpg\" target=\"_blank\" rel=\" noreferrer noopener\"><img loading=\"lazy\" decoding=\"async\" width=\"724\" height=\"1024\" data-id=\"2613\" src=\"https:\/\/associata-ev.de\/wp-content\/uploads\/2025\/06\/B-Inklusives-Workcamp-im-Distelhof-Collage-II-724x1024.jpg\" alt=\"\" class=\"wp-image-2613\" srcset=\"https:\/\/associata-ev.de\/wp-content\/uploads\/2025\/06\/B-Inklusives-Workcamp-im-Distelhof-Collage-II-724x1024.jpg 724w, https:\/\/associata-ev.de\/wp-content\/uploads\/2025\/06\/B-Inklusives-Workcamp-im-Distelhof-Collage-II-212x300.jpg 212w, https:\/\/associata-ev.de\/wp-content\/uploads\/2025\/06\/B-Inklusives-Workcamp-im-Distelhof-Collage-II-768x1086.jpg 768w, https:\/\/associata-ev.de\/wp-content\/uploads\/2025\/06\/B-Inklusives-Workcamp-im-Distelhof-Collage-II-1086x1536.jpg 1086w, https:\/\/associata-ev.de\/wp-content\/uploads\/2025\/06\/B-Inklusives-Workcamp-im-Distelhof-Collage-II-1140x1612.jpg 1140w, https:\/\/associata-ev.de\/wp-content\/uploads\/2025\/06\/B-Inklusives-Workcamp-im-Distelhof-Collage-II.jpg 1190w\" sizes=\"auto, (max-width: 724px) 100vw, 724px\" \/><\/a><\/figure>\n\n\n\n<figure class=\"wp-block-image size-large\"><a href=\"https:\/\/associata-ev.de\/wp-content\/uploads\/2025\/06\/A-Inklusives-Workcamp-im-Distelhof-Collage-I.jpg\" target=\"_blank\" rel=\" noreferrer noopener\"><img loading=\"lazy\" decoding=\"async\" width=\"724\" height=\"1024\" data-id=\"2612\" src=\"https:\/\/associata-ev.de\/wp-content\/uploads\/2025\/06\/A-Inklusives-Workcamp-im-Distelhof-Collage-I-724x1024.jpg\" alt=\"\" class=\"wp-image-2612\" srcset=\"https:\/\/associata-ev.de\/wp-content\/uploads\/2025\/06\/A-Inklusives-Workcamp-im-Distelhof-Collage-I-724x1024.jpg 724w, https:\/\/associata-ev.de\/wp-content\/uploads\/2025\/06\/A-Inklusives-Workcamp-im-Distelhof-Collage-I-212x300.jpg 212w, https:\/\/associata-ev.de\/wp-content\/uploads\/2025\/06\/A-Inklusives-Workcamp-im-Distelhof-Collage-I-768x1086.jpg 768w, https:\/\/associata-ev.de\/wp-content\/uploads\/2025\/06\/A-Inklusives-Workcamp-im-Distelhof-Collage-I-1086x1536.jpg 1086w, https:\/\/associata-ev.de\/wp-content\/uploads\/2025\/06\/A-Inklusives-Workcamp-im-Distelhof-Collage-I-1140x1612.jpg 1140w, https:\/\/associata-ev.de\/wp-content\/uploads\/2025\/06\/A-Inklusives-Workcamp-im-Distelhof-Collage-I.jpg 1190w\" sizes=\"auto, (max-width: 724px) 100vw, 724px\" \/><\/a><\/figure>\n\n\n\n<figure class=\"wp-block-image size-large\"><a href=\"https:\/\/associata-ev.de\/wp-content\/uploads\/2025\/06\/C-Inklusives-Workcamp-im-Distelhof-Collage-III.jpg\" target=\"_blank\" rel=\" noreferrer noopener\"><img loading=\"lazy\" decoding=\"async\" width=\"724\" height=\"1024\" data-id=\"2614\" src=\"https:\/\/associata-ev.de\/wp-content\/uploads\/2025\/06\/C-Inklusives-Workcamp-im-Distelhof-Collage-III-724x1024.jpg\" alt=\"\" class=\"wp-image-2614\" srcset=\"https:\/\/associata-ev.de\/wp-content\/uploads\/2025\/06\/C-Inklusives-Workcamp-im-Distelhof-Collage-III-724x1024.jpg 724w, https:\/\/associata-ev.de\/wp-content\/uploads\/2025\/06\/C-Inklusives-Workcamp-im-Distelhof-Collage-III-212x300.jpg 212w, https:\/\/associata-ev.de\/wp-content\/uploads\/2025\/06\/C-Inklusives-Workcamp-im-Distelhof-Collage-III-768x1086.jpg 768w, https:\/\/associata-ev.de\/wp-content\/uploads\/2025\/06\/C-Inklusives-Workcamp-im-Distelhof-Collage-III-1086x1536.jpg 1086w, https:\/\/associata-ev.de\/wp-content\/uploads\/2025\/06\/C-Inklusives-Workcamp-im-Distelhof-Collage-III-1140x1612.jpg 1140w, https:\/\/associata-ev.de\/wp-content\/uploads\/2025\/06\/C-Inklusives-Workcamp-im-Distelhof-Collage-III.jpg 1190w\" sizes=\"auto, (max-width: 724px) 100vw, 724px\" \/><\/a><\/figure>\n<\/figure>\n<\/div>\n<\/div>\n\n\n\n<hr class=\"wp-block-separator aligncenter has-alpha-channel-opacity is-style-wide\"\/>\n\n\n\n<div class=\"wp-block-columns is-layout-flex wp-container-core-columns-is-layout-9d6595d7 wp-block-columns-is-layout-flex\">\n<div class=\"wp-block-column is-layout-flow wp-block-column-is-layout-flow\" style=\"flex-basis:66.66%\">\n<p>7. April 2025.<\/p>\n<p>Instagram zum 29. M\u00e4rz<\/p>\n<p>Associata e.V. verst\u00e4rkt seine Aktivit\u00e4ten: Ein neuer Standort wird aufgebaut in Mecklenburg-Vorpommern f\u00fcr den LK VG. Seit Gr\u00fcndung setzen wir uns ein f\u00fcr die Rechte von Menschen mit Behinderung. Denn: \u201eInklusion ist keine Ideologie, Inklusion ist ein Menschenrecht\u201c (Zitat: Andr\u00e9 Dietz). Damit zeigen wir unsere unsere Pr\u00e4senz im Nordosten.<\/p>\n<p>Direkte Ansprache und kurze Wege sind uns wichtig, wenn Menschen Unterst\u00fctzung und Information rund um ihre eigene Beeintr\u00e4chtigung oder mit Angeh\u00f6rigen mit Behinderung suchen. Daher das besondere Engagement im Landkreis VG. Denn zunehmend berichten Menschen mit Beeintr\u00e4chtigung besonders dort von Ausgrenzung und Schwierigkeiten, soziale Teilhabe umfassend leben zu k\u00f6nnen.<\/p>\n<p>Wir freuen uns, dass uns die Ehrenamtsstiftung MV dabei mit einer F\u00f6rderung unterst\u00fctzt. (Logo) Der Schwerpunkt der Arbeit des im Aufbau befindlichen Standortes im Landkreis Vorpommern Greifswald liegt im Themenfeld Assistenzhund, dar\u00fcber hinaus zu allen Fragen sozialer Teilhabe. Ansprechpartnerin im Standort VG ist Claudia Teichert, Kauffrau im Gesundheitswesen, Assistenzhundetrainerin in Ausbildung und seit vielen Jahren als AH-Halterin vertraut mit Fragen, Freuden und Schwierigkeiten im Zusammenleben mit einem AH als Team.<\/p>\n<p>Eine erste Informationsveranstaltung hat am 29. M\u00e4rz 2025 auf der Insel Usedom stattgefunden und war gepr\u00e4gt von gro\u00dfem Interesse und intensiven Gespr\u00e4chen. Weitere Veranstaltungen sind in der 2. Jahresh\u00e4lfte an verschiedenen Orten im Landkreis geplant.<\/p>\n<p>Frau Teichert erreichen Sie f\u00fcr den Erstkontakt unter: clauteich-associata@outlook.de Telefonische und pers\u00f6nliche Termine werden individuell von ihr abgesprochen.<\/p>\n<p><img loading=\"lazy\" decoding=\"async\" style=\"width: 350px; height: auto;\" src=\"https:\/\/associata-ev.de\/wp-content\/uploads\/2025\/02\/Logo-Ehrenamtsstiftung2.png\" alt=\"\" width=\"100\" height=\"114\" \/><\/p>\n<\/div>\n\n\n\n<div class=\"wp-block-column is-layout-flow wp-block-column-is-layout-flow\" style=\"flex-basis:33.33%\">\n<figure class=\"wp-block-gallery has-nested-images columns-default is-cropped wp-block-gallery-3 is-layout-flex wp-block-gallery-is-layout-flex\">\n<figure class=\"wp-block-image size-large\"><img loading=\"lazy\" decoding=\"async\" width=\"848\" height=\"1024\" data-id=\"2594\" src=\"https:\/\/associata-ev.de\/wp-content\/uploads\/2025\/04\/B-2-848x1024.jpg\" alt=\"\" class=\"wp-image-2594\" srcset=\"https:\/\/associata-ev.de\/wp-content\/uploads\/2025\/04\/B-2-848x1024.jpg 848w, https:\/\/associata-ev.de\/wp-content\/uploads\/2025\/04\/B-2-248x300.jpg 248w, https:\/\/associata-ev.de\/wp-content\/uploads\/2025\/04\/B-2-768x928.jpg 768w, https:\/\/associata-ev.de\/wp-content\/uploads\/2025\/04\/B-2-1140x1377.jpg 1140w, https:\/\/associata-ev.de\/wp-content\/uploads\/2025\/04\/B-2.jpg 1240w\" sizes=\"auto, (max-width: 848px) 100vw, 848px\" \/><\/figure>\n\n\n\n<figure class=\"wp-block-image size-large\"><img loading=\"lazy\" decoding=\"async\" width=\"1024\" height=\"612\" data-id=\"2593\" src=\"https:\/\/associata-ev.de\/wp-content\/uploads\/2025\/04\/B-1-1024x612.jpg\" alt=\"\" class=\"wp-image-2593\" srcset=\"https:\/\/associata-ev.de\/wp-content\/uploads\/2025\/04\/B-1-1024x612.jpg 1024w, https:\/\/associata-ev.de\/wp-content\/uploads\/2025\/04\/B-1-300x179.jpg 300w, https:\/\/associata-ev.de\/wp-content\/uploads\/2025\/04\/B-1-768x459.jpg 768w, https:\/\/associata-ev.de\/wp-content\/uploads\/2025\/04\/B-1-1140x681.jpg 1140w, https:\/\/associata-ev.de\/wp-content\/uploads\/2025\/04\/B-1.jpg 1515w\" sizes=\"auto, (max-width: 1024px) 100vw, 1024px\" \/><\/figure>\n\n\n\n<figure class=\"wp-block-image size-large\"><img loading=\"lazy\" decoding=\"async\" width=\"803\" height=\"1024\" data-id=\"2592\" src=\"https:\/\/associata-ev.de\/wp-content\/uploads\/2025\/04\/B-8-803x1024.jpg\" alt=\"\" class=\"wp-image-2592\" srcset=\"https:\/\/associata-ev.de\/wp-content\/uploads\/2025\/04\/B-8-803x1024.jpg 803w, https:\/\/associata-ev.de\/wp-content\/uploads\/2025\/04\/B-8-235x300.jpg 235w, https:\/\/associata-ev.de\/wp-content\/uploads\/2025\/04\/B-8-768x979.jpg 768w, https:\/\/associata-ev.de\/wp-content\/uploads\/2025\/04\/B-8-1205x1536.jpg 1205w, https:\/\/associata-ev.de\/wp-content\/uploads\/2025\/04\/B-8-1140x1453.jpg 1140w, https:\/\/associata-ev.de\/wp-content\/uploads\/2025\/04\/B-8.jpg 1526w\" sizes=\"auto, (max-width: 803px) 100vw, 803px\" \/><\/figure>\n\n\n\n<figure class=\"wp-block-image size-large\"><img loading=\"lazy\" decoding=\"async\" width=\"724\" height=\"1024\" data-id=\"2591\" src=\"https:\/\/associata-ev.de\/wp-content\/uploads\/2025\/04\/B-7-724x1024.jpg\" alt=\"\" class=\"wp-image-2591\" srcset=\"https:\/\/associata-ev.de\/wp-content\/uploads\/2025\/04\/B-7-724x1024.jpg 724w, https:\/\/associata-ev.de\/wp-content\/uploads\/2025\/04\/B-7-212x300.jpg 212w, https:\/\/associata-ev.de\/wp-content\/uploads\/2025\/04\/B-7-768x1087.jpg 768w, https:\/\/associata-ev.de\/wp-content\/uploads\/2025\/04\/B-7-1086x1536.jpg 1086w, https:\/\/associata-ev.de\/wp-content\/uploads\/2025\/04\/B-7-1140x1613.jpg 1140w, https:\/\/associata-ev.de\/wp-content\/uploads\/2025\/04\/B-7.jpg 1152w\" sizes=\"auto, (max-width: 724px) 100vw, 724px\" \/><\/figure>\n\n\n\n<figure class=\"wp-block-image size-large\"><img loading=\"lazy\" decoding=\"async\" width=\"1024\" height=\"768\" data-id=\"2590\" src=\"https:\/\/associata-ev.de\/wp-content\/uploads\/2025\/04\/B-5-1024x768.jpg\" alt=\"\" class=\"wp-image-2590\" srcset=\"https:\/\/associata-ev.de\/wp-content\/uploads\/2025\/04\/B-5-1024x768.jpg 1024w, https:\/\/associata-ev.de\/wp-content\/uploads\/2025\/04\/B-5-300x225.jpg 300w, https:\/\/associata-ev.de\/wp-content\/uploads\/2025\/04\/B-5-768x576.jpg 768w, https:\/\/associata-ev.de\/wp-content\/uploads\/2025\/04\/B-5-1536x1152.jpg 1536w, https:\/\/associata-ev.de\/wp-content\/uploads\/2025\/04\/B-5-1140x855.jpg 1140w, https:\/\/associata-ev.de\/wp-content\/uploads\/2025\/04\/B-5.jpg 2016w\" sizes=\"auto, (max-width: 1024px) 100vw, 1024px\" \/><\/figure>\n<\/figure>\n<\/div>\n<\/div>\n\n\n\n<hr class=\"wp-block-separator aligncenter has-alpha-channel-opacity is-style-wide\"\/>\n\n\n\n<div class=\"wp-block-columns is-layout-flex wp-container-core-columns-is-layout-9d6595d7 wp-block-columns-is-layout-flex\">\n<div class=\"wp-block-column is-layout-flow wp-block-column-is-layout-flow\" style=\"flex-basis:66.66%\">\n<p>10.02.2025<\/p>\n<p>#DuEntscheidest. Wir machen mit!<\/p>\n<p>Heute startete um 10.00 Uhr eine bundesweite Banner-Aktion, die versucht\u00a0<strong>positive Narrative<\/strong>\u00a0zu setzen: Es gilt deutlich zu machen, wof\u00fcr wir stehen und um was es in den n\u00e4chsten Jahren geht. Im B\u00fcndnis \u201e<strong>Zusammen f\u00fcr Demokratie<\/strong>\u201c haben sich 70 zivilgesellschaftliche\u00a0 Organisationen auf Bundesebene zusammengeschlossen. Infos:\u00a0<a href=\"https:\/\/zusammen-fuer-demokratie.de\/\" target=\"_blank\" rel=\"noopener noreferrer\">https:\/\/zusammen-fuer-demokratie.de\/<\/a><\/p>\n<p>Neben einer zentralen Aktion in Berlin gibt es dazu in vielen St\u00e4dten Aktionen. Auch uns ist es wichtig zu zeigen, wof\u00fcr wir einstehen. Unser Banner Motiv<strong>: &#8222;Menschenrechte gelten f\u00fcr alle Menschen \u2013 wir wollen ein Land, das niemand im Stich l\u00e4sst<\/strong>.&#8220; h\u00e4ngt seit 10.00 Uhr am Zaun zum Vereinsstandort.<\/p>\n<p><strong>Der gemeinsame Hasttag:<br \/>#DuEntscheidest!<\/strong><\/p>\n<\/div>\n\n\n\n<div class=\"wp-block-column is-layout-flow wp-block-column-is-layout-flow\" style=\"flex-basis:33.33%\">\n<figure class=\"wp-block-image size-large\"><img loading=\"lazy\" decoding=\"async\" width=\"1024\" height=\"788\" src=\"https:\/\/associata-ev.de\/wp-content\/uploads\/2025\/02\/Banner-Aktion-II1-1024x788.jpg\" alt=\"\" class=\"wp-image-2455\" srcset=\"https:\/\/associata-ev.de\/wp-content\/uploads\/2025\/02\/Banner-Aktion-II1-1024x788.jpg 1024w, https:\/\/associata-ev.de\/wp-content\/uploads\/2025\/02\/Banner-Aktion-II1-300x231.jpg 300w, https:\/\/associata-ev.de\/wp-content\/uploads\/2025\/02\/Banner-Aktion-II1-768x591.jpg 768w, https:\/\/associata-ev.de\/wp-content\/uploads\/2025\/02\/Banner-Aktion-II1-1536x1181.jpg 1536w, https:\/\/associata-ev.de\/wp-content\/uploads\/2025\/02\/Banner-Aktion-II1-1140x877.jpg 1140w, https:\/\/associata-ev.de\/wp-content\/uploads\/2025\/02\/Banner-Aktion-II1.jpg 1906w\" sizes=\"auto, (max-width: 1024px) 100vw, 1024px\" \/><\/figure>\n<\/div>\n<\/div>\n\n\n\n<hr class=\"wp-block-separator aligncenter has-alpha-channel-opacity is-style-wide\"\/>\n\n\n\n<div class=\"wp-block-columns is-layout-flex wp-container-core-columns-is-layout-9d6595d7 wp-block-columns-is-layout-flex\">\n<div class=\"wp-block-column is-layout-flow wp-block-column-is-layout-flow\">\n<p><strong>10. Februar 2025<\/strong><\/p>\n<p><strong>Eine neue F\u00f6rderung:<\/strong><img decoding=\"async\" style=\"width: 150px; height: 150px;\" src=\"https:\/\/associata-ev.de\/wp-content\/uploads\/2024\/11\/ZWO_Logo_Lang_schwarzweiss_Druck1-300x218.png\" \/><\/p>\n<div class=\"entry-content clr\">\n<p>Die neue Stiftung\u00a0<strong>\u201eZukunftswege Ost\u201c<\/strong>\u00a0hat unser Projekt\u00a0<em><strong>Inklusives, kreatives Generationencaf\u00e9<\/strong><\/em> gef\u00f6rdert. Wir haben uns sehr gefreut und sagen herzlich DANKE! Zun\u00e4chst f\u00fcr ein halbes Jahr verwirklichen wir mit dieser F\u00f6rderung unser Generationen verbindendes Projekt, dass Dialog und Austausch beim kreativen Schaffen f\u00f6rdert: Schon seit Dezember 2024 \u00f6ffnen wir regelm\u00e4\u00dfig das kleine, gem\u00fctliche Vereinscaf\u00e9 im Distelhof f\u00fcr verschiedene kreative Angebote und zum Austausch. Es kommen Menschen jeden Alters zusammen.<\/p>\n<p>Im Advent wurden Bienenwachskerzen gezogen, im Januar winterliche Fenstersterne gestaltet. Das Angebot wechselt monatlich. In den Februar starteten wir mit Linoldruck. F\u00fcr unsere Angebote braucht es keine Vorkenntnisse. Wer Spa\u00df hat, Bekanntes aufzufrischen oder Neues zu entdecken, ist herzlich willkommen. Das Angebot ist kostenlos. Auch das Material wird gestellt. Wer nur zuschauen m\u00f6chte, ist herzlich eingeladen zum Plaudern und Kennenlernen netter Menschen aus der Region. Eigene Handarbeiten k\u00f6nnen mitgebracht und die Begeisterung f\u00fcr das eigene Hobby an andere weitergegeben werden. Auch die Kleinsten werden schon aktiv. Im Caf\u00e9 gibt es S\u00fc\u00dfes und Getr\u00e4nke. Wer kann, gibt eine kleine Spende f\u00fcr den Vereinstraum: Einen Holz-Bauwagen f\u00fcr inklusive outdoor-Projekte!<\/p>\n<p>Infos zur Stiftung Zukunftswege Ost:\u00a0<a href=\"https:\/\/www.zukunftswege-ost.de\/\" target=\"_blank\" rel=\"noopener noreferrer\">https:\/\/www.zukunftswege-ost.de\/<\/a>\u00a0:\u00a0<em>\u201e\u2026 wir m\u00f6chten mit dem Gemeinschaftsfonds Menschen in Ostdeutschland ermutigen, sich aktiv f\u00fcr ein gesellschaftliches Miteinander und ein respektvolles Zusammenleben einzusetzen. Der Fonds bietet die Chance, Vorhaben zu realisieren, die ein st\u00e4rkeres Miteinander und eine positive gesellschaftliche Entwicklung in Ostdeutschland f\u00f6rdern.\u201c<\/em><\/p>\n<\/div>\n<\/div>\n<\/div>\n\n\n\n<hr class=\"wp-block-separator aligncenter has-alpha-channel-opacity is-style-wide\"\/>\n\n\n\n<div class=\"wp-block-columns is-layout-flex wp-container-core-columns-is-layout-9d6595d7 wp-block-columns-is-layout-flex\">\n<div class=\"wp-block-column is-layout-flow wp-block-column-is-layout-flow\">\n<p><strong>Deutscher Engagementpreis 2024<\/strong><\/p>\n<p><strong>Wir wurden nominiert!<br \/>Das Voting\u00a0<\/strong><strong>f\u00fcr den Publikumspreis\u00a0<\/strong><strong>des\u00a0<\/strong><strong>Deutschen Engagement-Preis<\/strong><strong>es<\/strong><strong>\u00a02024 hat begonnen<\/strong><strong>.<\/strong><\/p>\n<p><strong>Bitte mitmachen und abstimmen! <img decoding=\"async\" style=\"width: 150px; height: auto;\" src=\"https:\/\/associata-ev.de\/wp-content\/uploads\/2024\/10\/Deutscher-Engagementpreis-2024-Logo.jpg\" \/><\/strong><\/p>\n<p>Unser Projekt ANKERpunkt mit dem Bau eines Lehmbackofens hat es unter die 350 best\u00e4tigten Nominierungen f\u00fcr den Deutschen Engagement-Preis 2024 geschafft. Eine Jury w\u00e4hlt aus allen Nominierungen f\u00fcr die f\u00fcnf Kategorie einen Preistr\u00e4ger.<\/p>\n<p><strong>Zus\u00e4tzlich wird ein Publikumspreis vergeben. Daf\u00fcr z\u00e4hlt jede Stimme. Die Abstimmung hat begonnen und dauert bis zum 17. November 2024. Bitte mitmachen<\/strong>!<\/p>\n<p>Das Projekt, das die meisten Stimmen im Publikumsvorting erh\u00e4lt, gewinnt! Bitte stimmt f\u00fcr unser Projekt ab und schickt eine Info an Euren Freundes-, Familien-, Bekannten- und Kollegenkreis mit der Bitte f\u00fcr unser Projekt abzustimmen. Jede Stimme z\u00e4hlt. Nur wenn alle in ihren Netzwerken aktiv werden, haben wir eine Chance. Der Preis w\u00fcrde uns f\u00fcr alle unsere Vorhaben und Projekte einen gro\u00dfen Schritt voranbringen.<\/p>\n<p>Selbst nominieren kann man sich nicht f\u00fcr den Deutschen Engagement-Preis 2024.<br \/>Wir danken sehr herzlich dem BBK-VBU Familienherz <img decoding=\"async\" style=\"width: 150px; height: auto;\" src=\"https:\/\/associata-ev.de\/wp-content\/uploads\/2023\/10\/Familienherz-II.jpg\" \/> f\u00fcr die Nominierung unseres Projektes Inklusiver ANKERpunkt mit Bau eines Lehmbackofens<\/p>\n<p><strong>So findet Ihr unsere Nominierung:<\/strong><strong><br \/>Link:<\/strong><\/p>\n<p><a href=\"https:\/\/www.deutscher-engagementpreis.de\/publikumspreis\" target=\"_blank\" rel=\"noopener\">Deutscher \u2013 Engagementpreis \/ Publikumspreis<\/a><\/p>\n<p><strong>Unser Projekt:<\/strong><\/p>\n<p><a href=\"https:\/\/www.deutscher-engagementpreis.de\/publikumspreis\/nominierte\/5867-thomas-hansen-projekt-inklusiver-ankerpunkt-mit-bau-eines-lehmofens\" target=\"_blank\" rel=\"noopener\">Zum Link<\/a><\/p>\n<p><strong>Ausf\u00fcllen (Name und Mail-Adresse) und abschicken<\/strong><strong><br \/>Dann bekommt Ihr eine Best\u00e4tigungsmail.<br \/>Link in der Best\u00e4tigungsmail anklicken. Damit wird Eure Stimme f\u00fcr unser Projekt in der Wertung f\u00fcr den Publikumspreis gez\u00e4hlt.<\/strong><\/p>\n<p><strong>Damit es gerecht zugeht, wird nur 1 Stimme je Teilnehmer*in gez\u00e4hlt!<\/strong><\/p>\n<p><em><strong>Ein gro\u00dfes DANKE\u00a0<\/strong><\/em><em><strong>f\u00fcr Eure Teilnahme und die Mobilisierung Eures Netzwerkes f\u00fcr die Abstimmung f\u00fcr unser Projekt.<\/strong><\/em><\/p>\n<\/div>\n<\/div>\n\n\n\n<hr class=\"wp-block-separator aligncenter has-alpha-channel-opacity is-style-wide\"\/>\n\n\n\n<div class=\"wp-block-columns is-layout-flex wp-container-core-columns-is-layout-9d6595d7 wp-block-columns-is-layout-flex\">\n<div class=\"wp-block-column is-layout-flow wp-block-column-is-layout-flow\" style=\"flex-basis:66.66%\">\n<p>Wir waren am 19. September in Halle\/Saale beim \u201eVerbundnetz der W\u00e4rme\u201c\/VNG-Stiftung. Nicht immer kann man Sieger sein. Aber wir freuen uns, dass wir es im Wettbewerb um den Engagementpreis 2024 der VNG Stiftung unter die ersten drei Nominierten in der Kategorie \u201eTeilhabe und Integration\u201c geschafft und einen kleinen Anerkennungspreis erhalten haben! Mit unserem Projekt \u201eInklusives Naturparadies f\u00fcr Kinder\u201c geht es nat\u00fcrlich weiter. Das Preisgeld h\u00e4tte uns einen gro\u00dfen Schritt vorangebracht. Nun geht es etwas langsamer voran &#8211; step by step. Und wir hoffen, dass sich am Horizont Unterst\u00fctzer\u2019innen zeigen, die uns bei unserem Wunschobjekt \u201eBauwagen\u201c helfen.<\/p>\n<p><a href=\"https:\/\/www.instagram.com\/reel\/DAyiI-WonHp\/?igsh=MWppdWloaHR1ZGlqdg%3D%3D\" target=\"_blank\" rel=\"noopener\">zum Video<\/a><\/p>\n<\/div>\n\n\n\n<div class=\"wp-block-column is-layout-flow wp-block-column-is-layout-flow\" style=\"flex-basis:33.33%\">\n<figure class=\"wp-block-gallery has-nested-images columns-default is-cropped wp-block-gallery-4 is-layout-flex wp-block-gallery-is-layout-flex\">\n<figure class=\"wp-block-image size-large\"><a href=\"https:\/\/associata-ev.de\/wp-content\/uploads\/2024\/10\/B.jpeg\" target=\"_blank\" rel=\"noreferrer noopener\"><img loading=\"lazy\" decoding=\"async\" width=\"868\" height=\"866\" data-id=\"2265\" src=\"https:\/\/associata-ev.de\/wp-content\/uploads\/2024\/10\/B.jpeg\" alt=\"\" class=\"wp-image-2265\" srcset=\"https:\/\/associata-ev.de\/wp-content\/uploads\/2024\/10\/B.jpeg 868w, https:\/\/associata-ev.de\/wp-content\/uploads\/2024\/10\/B-300x300.jpeg 300w, https:\/\/associata-ev.de\/wp-content\/uploads\/2024\/10\/B-150x150.jpeg 150w, https:\/\/associata-ev.de\/wp-content\/uploads\/2024\/10\/B-768x766.jpeg 768w, https:\/\/associata-ev.de\/wp-content\/uploads\/2024\/10\/B-75x75.jpeg 75w\" sizes=\"auto, (max-width: 868px) 100vw, 868px\" \/><\/a><figcaption class=\"wp-element-caption\">Verbundnetz der W\u00e4rme<\/figcaption><\/figure>\n\n\n\n<figure class=\"wp-block-image size-large\"><a href=\"https:\/\/associata-ev.de\/wp-content\/uploads\/2024\/10\/C.jpeg\" target=\"_blank\" rel=\"noreferrer noopener\"><img loading=\"lazy\" decoding=\"async\" width=\"927\" height=\"900\" data-id=\"2264\" src=\"https:\/\/associata-ev.de\/wp-content\/uploads\/2024\/10\/C.jpeg\" alt=\"\" class=\"wp-image-2264\" srcset=\"https:\/\/associata-ev.de\/wp-content\/uploads\/2024\/10\/C.jpeg 927w, https:\/\/associata-ev.de\/wp-content\/uploads\/2024\/10\/C-300x291.jpeg 300w, https:\/\/associata-ev.de\/wp-content\/uploads\/2024\/10\/C-768x746.jpeg 768w\" sizes=\"auto, (max-width: 927px) 100vw, 927px\" \/><\/a><figcaption class=\"wp-element-caption\">VNG-Stiftung<\/figcaption><\/figure>\n\n\n\n<figure class=\"wp-block-image size-large\"><a href=\"https:\/\/associata-ev.de\/wp-content\/uploads\/2024\/10\/H.jpg\" target=\"_blank\" rel=\"noreferrer noopener\"><img loading=\"lazy\" decoding=\"async\" width=\"620\" height=\"606\" data-id=\"2263\" src=\"https:\/\/associata-ev.de\/wp-content\/uploads\/2024\/10\/H.jpg\" alt=\"\" class=\"wp-image-2263\" srcset=\"https:\/\/associata-ev.de\/wp-content\/uploads\/2024\/10\/H.jpg 620w, https:\/\/associata-ev.de\/wp-content\/uploads\/2024\/10\/H-300x293.jpg 300w\" sizes=\"auto, (max-width: 620px) 100vw, 620px\" \/><\/a><figcaption class=\"wp-element-caption\">Asoociata e.V.<\/figcaption><\/figure>\n<\/figure>\n<\/div>\n<\/div>\n\n\n\n<hr class=\"wp-block-separator aligncenter has-alpha-channel-opacity is-style-wide\"\/>\n\n\n\n<div class=\"wp-block-columns is-layout-flex wp-container-core-columns-is-layout-9d6595d7 wp-block-columns-is-layout-flex\">\n<div class=\"wp-block-column is-layout-flow wp-block-column-is-layout-flow\" style=\"flex-basis:66.66%\">\n<p><em>Mit zwei wundersch\u00f6nen inklusiven Festen haben wir den Sommer im Distelhof begr\u00fc\u00dft. Wir haben uns \u00fcber G\u00e4ste aus der Nachbarschaft und aus der Region gefreut, ganz besonders auch \u00fcber den Austausch mit Familien, die in der Prignitz Ferientage verbrachten. Ein herzlicher Dank gilt allen Engagierten, die diese Veranstaltungen f\u00fcr jung und alt m\u00f6glich gemacht haben.\u00a0<\/em><\/p>\n<p><a href=\"https:\/\/associata-ev.de\/wp-content\/uploads\/2024\/08\/Collage-2024-Holunderbluetenfest.pdf\" target=\"_blank\" rel=\"noopener\">Collage Holunderbl\u00fctenfest 2024<\/a>\u00a0 \u00a0<a href=\"https:\/\/associata-ev.de\/wp-content\/uploads\/2024\/08\/Collage-2024-Familientag-Pfingsten-1.pdf\" target=\"_blank\" rel=\"noopener\">Collage Familientag Pfingsten 2024<\/a><\/p>\n<\/div>\n\n\n\n<div class=\"wp-block-column is-layout-flow wp-block-column-is-layout-flow\" style=\"flex-basis:33.33%\">\n<html lang=\"de\">\n<head>\n    <meta charset=\"UTF-8\">\n    <meta name=\"viewport\" content=\"width=device-width, initial-scale=1.0\">\n    <title>Text-to-Speech Beispiel<\/title>\n    <script>\n        \/\/ Funktion, um den Text vorzulesen\n        function readText(text) {\n            \/\/ Erstelle ein neues SpeechSynthesisUtterance-Objekt mit dem \u00fcbergebenen Text\n            var message = new SpeechSynthesisUtterance(text);\n\n            \/\/ Verwende die Sprachausgabe-API, um den Text vorzulesen\n            window.speechSynthesis.speak(message);\n        }\n    <\/script>\n<\/head>\n<body>\n    <!-- Bild mit Text-to-Speech Funktionalit\u00e4t -->\n    <figure class=\"wp-block-image size-large\">\n        <img decoding=\"async\" src=\"https:\/\/associata-ev.de\/wp-content\/uploads\/2024\/08\/IMG-20240623-WA0004.jpg\" alt=\"\" class=\"wp-image-2157\"\n        onmouseover=\"readText('Das Bild zeigt eine Art von Garten, mit gelben und wei\u00dfen Blumen, B\u00e4umen und eine kleine Gruppe von \u00e4lteren Damen und Herren, die dort Kaffee oder Tee trinken.')\" \/>\n    <\/figure>\n<\/body>\n<\/html>\n<\/div>\n<\/div>\n\n\n\n<hr class=\"wp-block-separator aligncenter has-alpha-channel-opacity is-style-wide\"\/>\n\n\n\n<div class=\"wp-block-columns is-layout-flex wp-container-core-columns-is-layout-9d6595d7 wp-block-columns-is-layout-flex\">\n<div class=\"wp-block-column is-layout-flow wp-block-column-is-layout-flow\">\n<p>Aktuelles zum Stand der Evaluationsstudie<br \/>Seit langem warten die Antragsteller*Innen auf ihre F\u00f6rderbescheide zur Teilnahme an dem Modellvorhaben \u201eMensch-Assistenzhund-Gemeinschaften (M-A-G)\u201c und den Start der Evaluationsstudie. Das BMAS hat die Betroffenen mit einer Mail vom 10.Juli 2024 \u00fcber die im Laufe des Verfahrens aufgetretenen Widrigkeiten informiert und noch um etwas Geduld gebeten. Wir haben daraufhin mit dem Ministerium ein ausf\u00fchrliches Video-Telefonat zum Stand des Modellvorhabens und der Evaluation sowie zum Stand des Zertifizierungsverfahrens f\u00fcr AH-Ausbildungsst\u00e4tten gef\u00fchrt. Das uns dargestellte Verfahren befindet sich noch in der internen Abstimmung im Ministerium, so dass wir Vertraulichkeit zugesichert haben bis eine Ver\u00f6ffentlichung durch das Ministerium erfolgt. Aber wir sind guter Dinge, dass es jetzt bald weitergeht. Wir bleiben am Ball und informieren, sobald uns Offizielles vorliegt.<br \/>Stand 19. Juli 2024<\/p>\n<\/div>\n<\/div>\n\n\n\n<hr class=\"wp-block-separator aligncenter has-alpha-channel-opacity is-style-wide\"\/>\n\n\n\n<div class=\"wp-block-columns is-layout-flex wp-container-core-columns-is-layout-9d6595d7 wp-block-columns-is-layout-flex\">\n<div class=\"wp-block-column is-layout-flow wp-block-column-is-layout-flow\" style=\"flex-basis:66.66%\">\n<p>Das \u201eVerbundnetz der W\u00e4rme\u201c der VNG-Stiftung, Leipzig, hat uns f\u00fcr ihren diesj\u00e4hrigen Engagementpreis in der Kategorie<em>\u00a0Teilhabe und Integration\u00a0<\/em>nominiert! Schon die Nominierung ist eine tolle Anerkennung f\u00fcr unsere vielf\u00e4ltigen, inklusiven Angebote f\u00fcr Menschen mit und ohne Beeintr\u00e4chtigung. Nun hoffen wir sehr, dass wir die Jury mit unserem Projekt \u201eInklusives Naturparadies f\u00fcr Kinder\u201c \u00fcberzeugen k\u00f6nnen und Preistr\u00e4ger in der Kategorie werden. Am 19. September werden die Preistr\u00e4ger in einer Feierstunde in Halle bekanntgegeben.\u00a0 Bitte dr\u00fcckt f\u00fcr uns ganz fest die Daumen. Danke!<\/p>\n<p><a href=\"https:\/\/associata-ev.de\/wp-content\/uploads\/2024\/07\/VNG-Stiftung-Nominierung-Engagementpreis-2024.pdf\" target=\"_blank\" rel=\"noopener\">Presseerkl\u00e4rung des &#8222;Verbundnetz der W\u00e4rme&#8220;<\/a><\/p>\n<\/div>\n\n\n\n<div class=\"wp-block-column is-layout-flow wp-block-column-is-layout-flow\" style=\"flex-basis:33.33%\">\n<style>\n    .hidden {\n        display: none;\n    }\n\n    .arrow {\n        cursor: pointer;\n        text-align: center;\n        font-size: 2rem;\n        margin-top: 10px;\n    }\n\n    .gallery-container {\n        display: flex;\n        flex-direction: column;\n        align-items: center;\n    }\n\n    .gallery-row {\n        display: flex;\n        flex-wrap: wrap;\n        justify-content: center;\n    }\n\n    .gallery-alignment.horizontal {\n        flex-direction: row;\n        margin-left: -1090px;\n        margin-top: -260px;\n    }\n\n    .gallery-alignment.vertical {\n        flex-direction: column;\n    }\n\n    .gallery-row img {\n        margin: 10px;\n    }\n<\/style>\n\n<div class=\"gallery-container\">\n    <img decoding=\"async\" style=\"width: 300px; height: auto;\" \n         src=\"https:\/\/associata-ev.de\/wp-content\/uploads\/2024\/07\/4-Teilhabe-und-Integration-zw1.png\" \n         alt=\"Galerie-Vorschaubild\" \/>\n\n    <div class=\"arrow\" onclick=\"toggleGallery()\">\u2b07\ufe0f<\/div>\n\n    <div id=\"firstImage\" class=\"hidden\">\n        <img decoding=\"async\" style=\"width: 250px; height: auto;\" \n             src=\"https:\/\/associata-ev.de\/wp-content\/uploads\/2024\/07\/6.jpg\" \n             alt=\"Bild 6\" \/>\n    <\/div>\n\n    <div id=\"subGallery\" class=\"hidden gallery-alignment horizontal\">\n        <div class=\"gallery-row\">\n            <img decoding=\"async\" style=\"width: 250px; height: auto;\" src=\"https:\/\/associata-ev.de\/wp-content\/uploads\/2024\/07\/3-scaled.jpg\" alt=\"Bild 3\" \/>\n            <img decoding=\"async\" style=\"width: 250px; height: auto;\" src=\"https:\/\/associata-ev.de\/wp-content\/uploads\/2024\/07\/1.jpg\" alt=\"Bild 1\" \/>\n            <img decoding=\"async\" style=\"width: 250px; height: auto;\" src=\"https:\/\/associata-ev.de\/wp-content\/uploads\/2024\/07\/4.jpg\" alt=\"Bild 4\" \/>\n        <\/div>\n        <div class=\"gallery-row\">\n            <img decoding=\"async\" style=\"width: 250px; height: auto;\" src=\"https:\/\/associata-ev.de\/wp-content\/uploads\/2024\/07\/5.jpg\" alt=\"Bild 5\" \/>\n            <img decoding=\"async\" style=\"width: 250px; height: auto;\" src=\"https:\/\/associata-ev.de\/wp-content\/uploads\/2024\/07\/2.jpg\" alt=\"Bild 2\" \/>\n        <\/div>\n    <\/div>\n<\/div>\n\n<script>\n    function toggleGallery() {\n        var firstImage = document.getElementById('firstImage');\n        var subGallery = document.getElementById('subGallery');\n\n        \/\/ Wenn versteckt -> anzeigen, sonst verstecken\n        var isHidden = firstImage.classList.contains('hidden');\n        firstImage.classList.toggle('hidden', !isHidden);\n        subGallery.classList.toggle('hidden', !isHidden);\n    }\n<\/script>\n\n<\/div>\n<\/div>\n\n\n\n<hr class=\"wp-block-separator aligncenter has-alpha-channel-opacity is-style-wide\"\/>\n\n\n\n<div class=\"wp-block-columns is-layout-flex wp-container-core-columns-is-layout-9d6595d7 wp-block-columns-is-layout-flex\">\n<div class=\"wp-block-column is-layout-flow wp-block-column-is-layout-flow\" style=\"flex-basis:66.66%\">\n<p>Am 3. und 4. Juni 2024 fanden in der Hauptstadtrepr\u00e4sentanz der Telekom die Inklusionstage 2024 des BMAS in Berlin statt. Die Veranstaltung wurde im Internet live und barrierefrei \u00fcbertragen. Unser Mitglied Claudia Teichert von der Insel Usedom war online an beiden Tagen mit dabei. Und berichtet kurz und knapp \u00fcber die Veranstaltung. Ihre Zusammenfassung im Anhang.<\/p>\n<p>Au\u00dferdem gibt es einen Link zur offiziellen, umfassenden Dokumentation<\/p>\n<p><a href=\"https:\/\/www.gemeinsam-einfach-machen.de\/GEM\/DE\/AS\/Leuchttuerme\/Kongresse\/Inklusionstage_2024\/ikt24_node.html\" target=\"_blank\" rel=\"noopener noreferrer\">https:\/\/www.gemeinsam-einfach-machen.de\/GEM\/DE\/AS\/Leuchttuerme\/Kongresse\/Inklusionstage_2024\/ikt24_node.html<\/a><\/p>\n<p><a href=\"https:\/\/associata-ev.de\/wp-content\/uploads\/2024\/06\/Die-Inklusionstage-2024.pdf\" target=\"_blank\" rel=\"noopener\">Zusammenfassung<\/a><\/p>\n<\/div>\n\n\n\n<div class=\"wp-block-column is-layout-flow wp-block-column-is-layout-flow\" style=\"flex-basis:33.33%\">\n<figure class=\"wp-block-image size-full is-resized\"><img decoding=\"async\" class=\"wp-image-1952\" style=\"width: 300px; height: auto;\" src=\"https:\/\/associata-ev.de\/wp-content\/uploads\/2024\/06\/Inklusionstage-Logo.jpg\" alt=\"\" \/><\/figure>\n<\/div>\n<\/div>\n\n\n\n<hr class=\"wp-block-separator aligncenter has-alpha-channel-opacity is-style-wide\"\/>\n\n\n\n<div class=\"wp-block-columns is-layout-flex wp-container-core-columns-is-layout-9d6595d7 wp-block-columns-is-layout-flex\">\n<div class=\"wp-block-column is-layout-flow wp-block-column-is-layout-flow\">\n<p>Die DGP &#8211; Deutsche Gesellschaft zur Pr\u00e4qualifizierung im Gesundheitswesen hat die Akkreditierung zur Zertifizierung von Assistenzhunde-Ausbildungsst\u00e4tten mit Wirkung zum 15. April 2024 zur\u00fcckgegeben.<\/p>\n<p>Hier der Link zur offiziellen Information der DGP:\u00a0<a href=\"https:\/\/www.dgp-gmbh.de\/zertifizierung-ah-schulen\/\" target=\"_blank\" rel=\"noopener noreferrer\">https:\/\/www.dgp-gmbh.de\/zertifizierung-ah-schulen\/\u00a0<\/a><\/p>\n<p>Und ebenso der Link zur Webseite des BMAS: <a href=\"https:\/\/www.bmas.de\/DE\/Soziales\/Teilhabe-und-Inklusion\/Politik-fuer-Menschen-mit-Behinderungen\/Assistenzhunde\/assistenzhunde.html\" target=\"_blank\" rel=\"noopener noreferrer\">https:\/\/www.bmas.de\/DE\/Soziales\/Teilhabe-und-Inklusion\/Politik-fuer-Menschen-mit-Behinderungen\/Assistenzhunde\/assistenzhunde.html<\/a>\u00a0<\/p>\n<p>Dadurch ist keine Ausbildungsst\u00e4tte und ist kein Trainer ab 15.4.2024 mehr zertifiziert f\u00fcr die Ausbildung von Assistenzhunden!<br \/>Bereits erteilte Zertifizierungen verlieren ihre G\u00fcltigkeit!<\/p>\n<p>Es ist ein Vakuum entstanden und zum jetzigen Zeitpunkt wei\u00df noch niemand, wie es weitergehen und welche neuen Regelungen es geben wird.<\/p>\n<p>Wir sind auf vielen Wegen aktiv und versuchen, gesicherte Informationen zu erhalten und werden auf dieser Seite \u00fcber neue Sachverhalte informieren.<\/p>\n<p>Stand 21. M\u00e4rz 2024<\/p>\n<\/div>\n<\/div>\n\n\n\n<hr class=\"wp-block-separator aligncenter has-alpha-channel-opacity is-style-wide\"\/>\n\n\n\n<div class=\"wp-block-columns is-layout-flex wp-container-core-columns-is-layout-9d6595d7 wp-block-columns-is-layout-flex\">\n<div class=\"wp-block-column is-layout-flow wp-block-column-is-layout-flow\">\n<\/p>\n<p><strong>20. Februar 2023<\/strong><\/p>\n<p><strong>Zertifizierung von AH-Ausbildungsst\u00e4tten und AH-Trainer*innen<br \/><\/strong><br \/>Immer wieder erreichen uns auch Fragen, ob eine Ausbildung zum Assistenzhunde-Team bei einem Trainer, einer Trainerin m\u00f6glich sei, der\/die selbst nicht zertifiziert ist bzw. sich nicht selbst zertifizieren lassen m\u00f6chte und auch nicht bei einer AH-Ausbildungsst\u00e4tte angestellt ist, sondern im weitesten Sinne eine Kooperation mit einer zertifizierten AH-Ausbildungsst\u00e4tte und einem\/r dort t\u00e4tigen fachlichen Leiter*in anstrebt\/eingeht.\u00a0<\/p>\n<p>Hierzu eine kurze Zwischeninfo, Stand 18. Februar 2024: Bei einer solchen Kooperation w\u00fcrden \u201efachliche Leiter*innen\u201c der zertifizierten Ausbildungsst\u00e4tte dann das volle Haftungsrisiko f\u00fcr eine ordnungsgem\u00e4\u00dfe Durchf\u00fchrung der AH-Team-Ausbildung entsprechend der AHundV auch f\u00fcr alle Kooperationspartner*innen eingehen. Das bedeutet f\u00fcr alle k\u00fcnftigen AH-Nehmer*innen, die auf der Suche nach einer Ausbildungsst\u00e4tte, Trainer*in sind, sich zu vergewissern, dass die von ihnen ausgew\u00e4hlte Ausbildungsst\u00e4tte, Trainer*in \u00fcber die notwendige Zertifizierung entsprechend der AHundV verf\u00fcgt. Denn sollte diese nicht im Sinne der AHundV vorliegen, k\u00f6nnte es m\u00f6glicherweise passieren, dass es am Ende der AH-Team-Ausbildung Probleme hinsichtlich der Zulassung zur AH-Team-Pr\u00fcfung geben k\u00f6nnte. Bis jetzt gibt es f\u00fcr die Zeit nach Auslaufen der \u00dcbergangsregelung am 30.06.2024 noch keine akkreditierten Pr\u00fcfinstanzen zur Abnahme der Team-Pr\u00fcfungen, die jetzt schon im Einzelnen hierzu befragt werden k\u00f6nnten. Unsere Anmerkung ist daher als vorsorglicher Hinweis zu verstehen, da die rechtliche Kl\u00e4rung dieser Verfahrensweise noch nicht abgeschlossen ist.<\/p>\n<p>Nach unserer Einsch\u00e4tzung ist das Vorgehen von Kooperationen vom Sinn und vom Inhalt der AHundV her nicht unbedingt gedeckt. Daher hat der Verein am 16.02.2024 in einem pers\u00f6nlichen Gespr\u00e4ch mit dem zust\u00e4ndigen Fachreferat im BMAS diese Frage ausf\u00fchrlich er\u00f6rtert. Das BMAS steht diesem Verfahren auch skeptisch gegen\u00fcber, befindet sich aber noch in einer rechtlichen Kl\u00e4rung mit der zust\u00e4ndigen Zertifizierungsstelle DGP \u00fcber die Vereinbarkeit dieses Verfahrens mit der AHundV. Das BMAS hat uns zugesagt, uns \u00fcber das Ergebnis der Pr\u00fcfung zeitnah zu informieren. Sobald uns dieses vorliegt, werden wir auf der Homepage dar\u00fcber berichten.<\/p>\n<p>K\u00fcnftigen AH-Nehmer*innen empfehlen wir daher, sich bei der Auswahl ihrer Ausbildungsst\u00e4tte sehr genau \u00fcber die Zertifizierung bzw. den Stand der Zertifizierung und die jeweilige Qualifikation der von ihnen gew\u00e4hlten Trainer*innen zu informieren und sich ggfl. schriftlich best\u00e4tigen zu lassen, dass diese\/dieser im Sinne der AHundV als zertifiziert gilt, bzw. im Sinne der AHundV eine Zertifizierung beantragt hat. Auch eine direkte Anfrage beim BMAS oder der DGP bei einem nicht eindeutigen Stand zur Zertifizierung kann hilfreich sein. Bisher ist ohnehin nur ein Teil der beantragten Zertifizierungen abgeschlossen. Denn die im Zuge der Zertifizierung erforderlichen Vor-Ort-Begehungen bei den Ausbildungsst\u00e4tten, Trainer*innen durch die DGP nehmen viel Zeit in Anspruch.<\/p>\n<p>Weiterer Austausch gern direkt: 0176 233 599 45 Thomas Hansen<\/p>\n<\/div>\n<\/div>\n\n\n\n<hr class=\"wp-block-separator aligncenter has-alpha-channel-opacity is-style-wide\"\/>\n\n\n\n<div class=\"wp-block-columns is-layout-flex wp-container-core-columns-is-layout-9d6595d7 wp-block-columns-is-layout-flex\">\n<div class=\"wp-block-column is-layout-flow wp-block-column-is-layout-flow\">\n<div class=\"wp-block-columns is-layout-flex wp-container-core-columns-is-layout-9d6595d7 wp-block-columns-is-layout-flex\">\n<div class=\"wp-block-column is-layout-flow wp-block-column-is-layout-flow\" style=\"flex-basis:66.66%\">\n<\/p>\n<p><strong>Januar 2024<\/strong><\/p>\n<p>Associata e.V. wurde im Januar 2024 aufgenommen in den ABiD<br \/><a href=\"https:\/\/www.abid-ev.de\/\" target=\"_blank\" rel=\"noopener\">Allgemeiner Behindertenverband in Deutschland<\/a><\/p>\n<\/div>\n\n\n\n<div class=\"wp-block-column is-layout-flow wp-block-column-is-layout-flow\" style=\"flex-basis:33.33%\">\n<br \/>\n<figure class=\"wp-block-image size-full is-resized\"><img loading=\"lazy\" decoding=\"async\" width=\"318\" height=\"62\" src=\"https:\/\/associata-ev.de\/wp-content\/uploads\/2024\/02\/logo-datenschutz.jpg\" alt=\"\" class=\"wp-image-1952\" style=\"width:300px;height:auto\" srcset=\"https:\/\/associata-ev.de\/wp-content\/uploads\/2024\/02\/logo-datenschutz.jpg 318w, https:\/\/associata-ev.de\/wp-content\/uploads\/2024\/02\/logo-datenschutz-300x58.jpg 300w\" sizes=\"auto, (max-width: 318px) 100vw, 318px\" \/><\/figure>\n<\/div>\n<\/div>\n<\/div>\n<\/div>\n\n\n\n<hr class=\"wp-block-separator aligncenter has-alpha-channel-opacity is-style-wide\"\/>\n\n\n\n<div class=\"wp-block-columns is-layout-flex wp-container-core-columns-is-layout-9d6595d7 wp-block-columns-is-layout-flex\">\n<div class=\"wp-block-column is-layout-flow wp-block-column-is-layout-flow\" style=\"flex-basis:66.66%\">\n<\/p>\n<p><em><strong>\u201eRauf aufs Rad und das Auto stehen lassen\u201c<br \/><\/strong>hei\u00dft es bald immer \u00f6fter in Sargleben.<br \/>Das Klima sch\u00fctzen und gleichzeitig sich selbst mit Bewegung etwas Gutes tun.<br \/>Auch daf\u00fcr setzt sich Associata e.V. ein.<br \/>Im Distelhof stehen zwei E-Lastenfahrr\u00e4der zur\u00a0<strong>kostenfreien<\/strong>\u00a0Nutzung f\u00fcr alle Rad-Begeisterte &#8230;<br \/>und die, die es werden wollen, bereit.<br \/>F\u00fcr gro\u00dfe und kleine Eink\u00e4ufe, Ausfl\u00fcge, f\u00fcr Fahrten zum Kindergarten andere Aktivit\u00e4ten.<br \/>Mit dem Babboe k\u00f6nnen auch kleine Kinder<br \/>oder der Assistenz- oder Familienhund sicher mitgenommen werden.<br \/>Mit einer 80%-F\u00f6rderung des Landes Brandenburg wurde es m\u00f6glich.<br \/>Die Restsumme wurde mit privaten Spenden aus dem Netzwerk von Associata e.V. gestemmt.<br \/>Wer kann, gibt eine Spende f\u00fcr Pflege der e-bikes und f\u00fcr die Aufladekosten .<br \/>Infos per Mail: info@associata-ev.de oder telefonisch: 0176 233 599 45<\/em><\/p>\n<\/div>\n\n\n\n<div class=\"wp-block-column is-layout-flow wp-block-column-is-layout-flow\" style=\"flex-basis:33.33%\">\n<br \/>\n<html lang=\"de\">\n<head>\n    <meta charset=\"UTF-8\">\n    <meta name=\"viewport\" content=\"width=device-width, initial-scale=1.0\">\n    <title>Text-to-Speech Beispiel<\/title>\n    <script>\n        \/\/ Funktion, um den Text vorzulesen\n        function readText(text) {\n            \/\/ Erstelle ein neues SpeechSynthesisUtterance-Objekt mit dem \u00fcbergebenen Text\n            var message = new SpeechSynthesisUtterance(text);\n\n            \/\/ Verwende die Sprachausgabe-API, um den Text vorzulesen\n            window.speechSynthesis.speak(message);\n        }\n    <\/script>\n<\/head>\n<figure class=\"wp-block-image size-large is-resized\"\nonmouseover=\"readText('Das Bild zeigt 2 erwachsene personen auf 2 lastenfahrr\u00e4dern und ein kind mit hund das vorne im babboe sitzen tut')\">\n         <img loading=\"lazy\" decoding=\"async\" width=\"1024\" height=\"907\" src=\"https:\/\/associata-ev.de\/wp-content\/uploads\/2024\/01\/2024-Foerderung-Lastenfahrraeder-1024x907.jpg\" alt=\"\" class=\"wp-image-1932\" style=\"width:474px;height:auto\" srcset=\"https:\/\/associata-ev.de\/wp-content\/uploads\/2024\/01\/2024-Foerderung-Lastenfahrraeder-1024x907.jpg 1024w, https:\/\/associata-ev.de\/wp-content\/uploads\/2024\/01\/2024-Foerderung-Lastenfahrraeder-300x266.jpg 300w, https:\/\/associata-ev.de\/wp-content\/uploads\/2024\/01\/2024-Foerderung-Lastenfahrraeder-768x680.jpg 768w, https:\/\/associata-ev.de\/wp-content\/uploads\/2024\/01\/2024-Foerderung-Lastenfahrraeder-1140x1010.jpg 1140w, https:\/\/associata-ev.de\/wp-content\/uploads\/2024\/01\/2024-Foerderung-Lastenfahrraeder.jpg 1147w\" sizes=\"auto, (max-width: 1024px) 100vw, 1024px\" \/><\/figure>\n<\/div>\n<\/div>\n\n\n\n<hr class=\"wp-block-separator aligncenter has-alpha-channel-opacity is-style-wide\"\/>\n\n\n\n<div class=\"wp-block-columns is-layout-flex wp-container-core-columns-is-layout-9d6595d7 wp-block-columns-is-layout-flex\">\n<div class=\"wp-block-column is-layout-flow wp-block-column-is-layout-flow\" style=\"flex-basis:66.66%\">\n<\/p>\n<p><strong>Deutscher Nachbarschaftspreis 2023<\/strong><\/p>\n<p>Wir sind Preistr\u00e4ger f\u00fcr das Land Brandenburg!<\/p>\n<p>Das ist eine tolle Auszeichnung f\u00fcr alle Engagierten und die inklusive Arbeit unseres Vereins.<br \/>Wir freuen uns sehr. Das Preisgeld werden wir f\u00fcr die weitere Projekt-Ausstattung<br \/>verwenden. Der Deutsche Nachbarschaftspreis hat ein hohes Ansehen. Die Ehrung der<br \/>Preistr\u00e4ger findet am 8. November in Berlin statt.<\/p>\n<p>Auszug aus der Gl\u00fcckwunschmail der Nebenan-Stiftung:<\/p>\n<p>\u201cLiebes Team von Inklusionsort Distelhof,<\/p>\n<p><strong>herzlichen Gl\u00fcckwunsch: Ihr habt den Deutschen Nachbarschaftspreis 2023 in Brandenburg<\/strong><br \/><strong>gewonnen!<\/strong> Mit eurem herausragenden Engagement habt ihr unsere Expert:innenjury<br \/>\u00fcberzeugt. Wir gratulieren euch zu dieser Auszeichnung. Mit eurem Projekt habt ihr die Jury<br \/>\u00fcberzeugt \u2013 zu Recht! Denn ihr leistet mit eurer Arbeit einen wichtigen Beitrag, um eure<br \/>Nachbarschaft lebenswerter zu machen und den gesellschaftlichen Zusammenhalt zu st\u00e4rken.<br \/>Nutzt die Auszeichnung mit dem Deutschen Nachbarschaftspreis 2023, um eurem Projekt<br \/>noch mehr Sichtbarkeit zu verschaffen.<\/p>\n<p>Der Deutsche Nachbarschaftspreis 2023 wird im Rahmen einer feierlichen Preisverleihung<br \/>vergeben, zu der wir euch ganz herzlich einladen. Wir m\u00f6chten nachbarschaftliches<br \/>Engagement auf die gro\u00dfe B\u00fchne holen, eure Arbeit w\u00fcrdigen und gemeinsam mit euch<br \/>feiern. Die Preisverleihung findet am Abend des 8. November 2023 im silent green<br \/>Kulturquartier in Berlin statt.\u201c<\/p>\n<\/div>\n\n\n\n<div class=\"wp-block-column is-layout-flow wp-block-column-is-layout-flow\" style=\"flex-basis:33.33%\">\n<\/br>\n<figure class=\"wp-block-image size-large is-resized\"><img loading=\"lazy\" decoding=\"async\" width=\"1024\" height=\"1024\" src=\"https:\/\/associata-ev.de\/wp-content\/uploads\/2023\/10\/Siegerprojekt-Text-Logo-1024x1024.png\" alt=\"\" class=\"wp-image-1873\" style=\"width:226px;height:226px\" srcset=\"https:\/\/associata-ev.de\/wp-content\/uploads\/2023\/10\/Siegerprojekt-Text-Logo-1024x1024.png 1024w, https:\/\/associata-ev.de\/wp-content\/uploads\/2023\/10\/Siegerprojekt-Text-Logo-300x300.png 300w, https:\/\/associata-ev.de\/wp-content\/uploads\/2023\/10\/Siegerprojekt-Text-Logo-150x150.png 150w, https:\/\/associata-ev.de\/wp-content\/uploads\/2023\/10\/Siegerprojekt-Text-Logo-768x768.png 768w, https:\/\/associata-ev.de\/wp-content\/uploads\/2023\/10\/Siegerprojekt-Text-Logo-75x75.png 75w, https:\/\/associata-ev.de\/wp-content\/uploads\/2023\/10\/Siegerprojekt-Text-Logo.png 1080w\" sizes=\"auto, (max-width: 1024px) 100vw, 1024px\" \/><\/figure>\n<\/div>\n<\/div>\n\n\n\n<hr class=\"wp-block-separator aligncenter has-alpha-channel-opacity is-style-wide\"\/>\n\n\n\n<div class=\"wp-block-columns is-layout-flex wp-container-core-columns-is-layout-9d6595d7 wp-block-columns-is-layout-flex\">\n<div class=\"wp-block-column is-layout-flow wp-block-column-is-layout-flow\" style=\"flex-basis:66.66%\">\n<\/p>\n<p>Auszeichnung mit dem BKK-VBU Familienherz 2023.<\/p>\n<p>Wir freuen uns \u00fcber eine ganz besondere Auszeichnung: Wir sind einer der Preistr\u00e4ger des<br \/>BKK-VBU Familienherz 2023. Der Verein wurde f\u00fcr seine ehrenamtliche T\u00e4tigkeit und die<br \/>inklusiven Angebote f\u00fcr Kinder, Jugendliche und Familien geehrt. Der mit der Auszeichnung<br \/>verbundene F\u00f6rderpreis wird zur Realisierung eines langgehegten Wunsches eingesetzt. Wir<br \/>bauen im Distelhof einen gro\u00dfen Lehmbackofen. K\u00fcnftig wird es regelm\u00e4\u00dfige Backtage und<br \/>Angebote rund ums Backen geben, Wir starten mit dem Bau des Lehmbackofens mit Beginn<br \/>der Herbstferien in Brandenburg am Samstag, den 21. Oktober. An diesem Tag wird es<br \/>nachmittags auch die symbolische Scheck\u00fcbergabe des F\u00f6rderpreises geben. Wer mit dabei<br \/>sein m\u00f6chte, ist herzlich eingeladen. Selbstverst\u00e4ndlich auch zum aktiven Mitmachen beim<br \/>Lehmofenbau-Workshop.<br \/>Flyer &gt; <a href=\"https:\/\/associata-ev.de\/wp-content\/uploads\/2023\/10\/Flyer-Lehmbackofen-Workshop1.pdf\" target=\"_blank\" rel=\"noopener\">hier<\/a><\/p>\n<\/div>\n\n\n\n<div class=\"wp-block-column is-layout-flow wp-block-column-is-layout-flow\" style=\"flex-basis:33.33%\"><\/div>\n<\/div>\n\n\n\n<hr class=\"wp-block-separator aligncenter has-alpha-channel-opacity is-style-wide\"\/>\n\n\n\n<div class=\"wp-block-columns is-layout-flex wp-container-core-columns-is-layout-9d6595d7 wp-block-columns-is-layout-flex\">\n<div class=\"wp-block-column is-layout-flow wp-block-column-is-layout-flow\">\n<\/p>\n<p>Die F\u00f6rderrichtlinie des Bundesministeriums f\u00fcr Arbeit und Soziales<\/p>\n<p><strong>\u201eModellvorhaben zur F\u00f6rderung von Mensch-Assistenzhund-Gemeinschaften (M-A-G)\u201c<\/strong><\/p>\n<p>Ist am 18.09.2023 ver\u00f6ffentlicht worden und unter folgendem Pfad zu finden:<\/p>\n<p><a href=\"http:\/\/www.bmas.de\" target=\"_blank\" rel=\"noopener\">www.bmas.de<\/a> &gt; Soziales &gt; Teilhabe und Inklusion &gt; Politik f\u00fcr Menschen mit Behinderung &gt; Assistenzhunde<br \/>und dann ganz unten auf der Seite unter \u201eWeitere Informationen\u201c<\/p>\n<p><a href=\"https:\/\/www.bmas.de\/DE\/Soziales\/Teilhabe-und-Inklusion\/Politik-fuer-Menschen-mit-Behinderungen\/Assistenzhunde\/assistenzhunde.html\" target=\"_blank\" rel=\"noopener\">https:\/\/www.bmas.de\/DE\/Soziales\/Teilhabe-und-Inklusion\/Politik-fuer-Menschen-mitBehinderungen\/Assistenzhunde\/assistenzhunde.html<\/a><\/p>\n<p>Die Interessenbekundung und Registrierung f\u00fcr die Teilnahme an dem Modellvorhaben ist \u00fcber das F\u00f6rderportal des<br \/>BMAS m\u00f6glich: <a href=\"https:\/\/www.foerderportal-bmas.de\/\" target=\"_blank\" rel=\"noopener\">https:\/\/www.foerderportal-bmas.de\/<\/a><br \/>Betroffene k\u00f6nnen sich dort unter dem Button \u201enat\u00fcrliche Person\u201c anmelden.<\/p>\n<p><strong>Wichtiger Termin:<\/strong><br \/>Die Frist f\u00fcr die Einreichung von Interessenbekundungen endet am 16. Oktober 2023, 15:59 Uhr.<\/p>\n<\/div>\n<\/div>\n\n\n\n<hr class=\"wp-block-separator aligncenter has-alpha-channel-opacity is-style-wide\"\/>\n\n\n\n<div class=\"wp-block-columns is-layout-flex wp-container-core-columns-is-layout-9d6595d7 wp-block-columns-is-layout-flex\">\n<div class=\"wp-block-column is-layout-flow wp-block-column-is-layout-flow\">\n<\/p>\n<p style=\"text-align: left;\"><strong>Wichtiger Termin:<\/strong><\/p>\n<p style=\"text-align: left;\"><strong>Am 18. September 2023 beginnt die Bewerbungsphase f\u00fcr die Evaluationsstudie des BMAS zur <\/strong><strong>Wirksamkeit von Assistenzhunden<\/strong><\/p>\n<p style=\"text-align: left;\">Im Rahmen dieser Studie k\u00f6nnen nach Mitteilung des BMAS auch die Ausgaben f\u00fcr die Anschaffung, Ausbildung und Zertifizierung, ggf. inklusive Nachschulung, eines Assistenzhundes gef\u00f6rdert werden. Die Entscheidung, wer in die F\u00f6rderung einbezogen werden kann, wird auf Basis einer Richtlinie erfolgen. Die Bewilligung der Antr\u00e4ge erfolgt durch die Deutsche Rentenversicherung KnappschaftBahn-See (DRV KBS).<\/p>\n<p style=\"text-align: left;\"><strong>Die Richtlinie soll am 18. September 2023 auf der Website des BMAS ver\u00f6ffentlicht werden.<\/strong><\/p>\n<p style=\"text-align: left;\">Interessierte Betroffene k\u00f6nnen sich ab dem 18. September in einem Online-Portal registrieren. Sie werden dort um einige Informationen gebeten, die f\u00fcr eine Auswahlentscheidung ben\u00f6tigt werden.<br \/>Die Registrierung ist auch erforderlich, wenn Sie bereits Ihr Interesse gegen\u00fcber dem BMAS schriftlich\/per Mail bekundet haben. Quelle: BMAS<\/p>\n<p style=\"text-align: left;\">Die Website \/ das Portal finden Sie unter folgendem Pfad: <a href=\"https:\/\/www.foerderportal-bmas.de\/\" target=\"_blank\" rel=\"noopener\">https:\/\/www.foerderportal-bmas.de\/<\/a><\/p>\n<p style=\"text-align: left;\">Stand: 15. September 2023<\/p>\n<\/div>\n<\/div>\n\n\n\n<hr class=\"wp-block-separator aligncenter has-alpha-channel-opacity is-style-wide\"\/>\n\n\n\n<div class=\"wp-block-columns is-layout-flex wp-container-core-columns-is-layout-9d6595d7 wp-block-columns-is-layout-flex\">\n<div class=\"wp-block-column is-layout-flow wp-block-column-is-layout-flow\">\n<h5>\u00a0<\/h5>\n<h5 style=\"text-align: center;\"><span style=\"color: #0000ff;\"><strong>Unser inklusives Projekt \u201cKino f\u00fcr alle\u201c im Distelhof<\/strong><\/span><br \/><span style=\"color: #0000ff;\"><strong>ist f\u00fcr den Deutschen Nachbarschaftspreis 2023 nominiert!<\/strong><\/span><\/h5>\n<p style=\"text-align: center;\">Als eines von insgesamt 80 nominierten Projekten aus deutschlandweit 750 Bewerbungen<br \/>konnten wir mit unserem Engagement die Nebenan.de Stiftung \u00fcberzeugen.<br \/>Nun bleibt es spannend:<br \/>Ob wir einen Preis f\u00fcr unser Bundesland oder in einer der 5 Themenkategorien gewinnen,<br \/>entscheidet sich in den n\u00e4chsten Wochen. Dr\u00fcckt uns die Daumen.<br \/>Am 10. Oktober werden die Preistr\u00e4ger*innen bekanntgegeben.<br \/>Wir freuen uns \u00fcber die Nominierung und hoffen sehr, dass unser Projekt die Jury \u00fcberzeugt.<br \/>Das Preisgeld w\u00e4re wieder ein gro\u00dfer Schritt nach vorn in der Umsetzung unserer inklusiven Ideen.<br \/>Unser Projekt, alle weiteren nominierten Projekte und Infos findet ihr unter www.nachbarschaftspreis.de.<br \/>Ihr m\u00f6chtet mehr \u00fcber unser Projekt wissen \u2013 dann ruft gerne an:<br \/>Thomas Hansen 0176 \/ 233 599 45<\/p>\n<\/div>\n<\/div>\n\n\n\n<hr class=\"wp-block-separator aligncenter has-alpha-channel-opacity is-style-wide\"\/>\n\n\n<h5>\u00a0<\/h5>\n<h5>Bewerbung f\u00fcr die Evaluationsstudie des BMAS zur Wirksamkeit von Assistenzhunden.<\/h5>\n<p>Die vorgeschaltete Machbarkeitsstudie zur geplanten Evaluationsstudie liegt bereits seit l\u00e4ngerer Zeit vor. Hier noch einmal der Link: <strong><a href=\"https:\/\/www.bmas.de\/DE\/Service\/Publikationen\/Forschungsberichte\/fb-621-abschlussbericht-assistenzhunde.html\" target=\"_blank\" rel=\"noopener\">Machbarkeitsstudie zur Vorbereitung einer Evaluation der Regelungen zu Assistenzhunden nach \u00a7 12k des Gesetzes zur Gleichstellung von Menschen mit Behinderungen (BGG)<\/a><\/strong> Im Rahmen dieser Machbarkeitsstudie wurde zur Vorbereitung der Evaluation der Regelungen zu Assistenzhunden ein wissenschaftlicher Zugang zu diesem Thema geschaffen. Jetzt geht es aktuell darum, wer wird nach der europaweiten Ausschreibung den Zuschlag f\u00fcr die im Gesetz festgeschriebene Evaluationsstudie erhalten. Bisher ist es noch nicht entschieden. Das durchf\u00fchrende Institut, das die vorgeschaltete Machbarkeitsstudie erstellt hatte, kam zu der Empfehlung, bis zu 150 Teams in die Studie aufzunehmen. Das Gesetz sieht bisher 100 Teams vor. Wie viele Teams es dann tats\u00e4chlich sein werden, ist heute noch nicht zu sagen. Es gibt noch keine offiziellen Aussagen zur Auswahl der Teams, die in der Evaluationsstudie erfasst werden sollen. Ebenso gibt es bisher auf der Internet-Seite des BMAS noch keine Hinweise zur Bewerbung der Mensch-Hund-Teams f\u00fcr diese Studie. Wir empfehlen AHund-Halter*innen und k\u00fcnftigen AHund-Halter*innen allerdings, sich bereits jetzt aussagekr\u00e4ftig als Team f\u00fcr diese Studie zeitnah direkt beim BMAS zu bewerben. Adresse:<br \/><strong>Bundesministerium f\u00fcr Arbeit und Soziales<\/strong><br \/><strong>Referat Va 1 \u2013 Dr. Michael Maschke<\/strong><br \/><strong>Wilhelmstr. 49, 10177 Berlin<\/strong><br \/>Stand August 2023<\/p>","protected":false},"excerpt":{"rendered":"<p>Herbsstag im Distelhof Am 22. November 2025 trafen sich gro\u00dfe und kleine G\u00e4ste an einem stimmungsvollen Herbsttag im Distelhof zum Kreativsein, Plaudern und Genie\u00dfen: In der geschm\u00fcckten, gem\u00fctlichen Kreativwerkstatt wurden Kerzen aus Bienenwachs gezogen, herbstliche Moosg\u00e4rtlein gestaltet und Anh\u00e4nger an der Tretlaubs\u00e4ge ausges\u00e4gt. Im kleinen Vereinscaf\u00e9 gab es s\u00fc\u00dfe Leckereien, Apfelpunsch und eine w\u00e4rmende Herbstsuppe. Wie immer alles selbstgemacht. Neben der renovierten, sch\u00f6nen Kreativwerkstatt im Hof bruzzelten die Bratw\u00fcrste und junge Vereinsmitglieder fertigten mit viel Geschick tolle Crepes. An den Feuerschalen und im Caf\u00e9 wurden angeregte Gespr\u00e4ch gef\u00fchrt. Auch das Interesse der Besucher an der Arbeit des Vereins und seinen unterschiedlichen Projekten war gro\u00df. Alle freuen sich auf den n\u00e4chsten Hoftag im Fr\u00fchling. zur Collage Ein Weidengang entsteht.Ein langgehegter Wunsch wird umgesetzt: Im weitl\u00e4ufigen, naturnahen Entdeckungs-, Spiel- und Erholungssraum im Distelhof entsteht auf einem flachen H\u00fcgel ein langer Weidengang &#8211; f\u00fcr Klein und Gro\u00df. Mit einer Spende der Firma Voelkel wird dieses Projekt umgesetzt. Herzlichen Dank! Zur PDF Datei F\u00f6rderung aus dem LEADER Regionalbudget Unsere Kreativwerkstatt hat ein neues Dach. Wir sagen herzlichen Dank der LEADER Regionalgruppe Storchenland-Prignitz. Die F\u00f6rderung wurde erm\u00f6glicht mit LEADER-Mitteln des Europ\u00e4ischen Landwirtschaftsfonds (ELER) und des Landes Brandenburg. Junges Engagement f\u00fcr Associata e.V. bei einem tollen, inklusiven Workcamp im Mai. Ein gro\u00dfes Dankesch\u00f6n! an 16 junge Leute aus drei Bundesl\u00e4ndern, die sich im Distelhof trafen, um uns bei verschiedenen Projekten in Haus, Hof und Garten ehrenamtlich zu unterst\u00fctzen.\u00a0 Ihr hattet tolle Ideen und habt uns mit Kreativit\u00e4t, super Motivation, guter Laune und viel Engagement sehr geholfen. Auch der soziale Zusammenhalt hat uns begeistert. Wir freuen uns auf ein Wiedersehen. Mit privaten Spenden und einer F\u00f6rderung der DSEE wurde das Workcamp erm\u00f6glicht. 7. April 2025. Instagram zum 29. M\u00e4rz Associata e.V. verst\u00e4rkt seine Aktivit\u00e4ten: Ein neuer Standort wird aufgebaut in Mecklenburg-Vorpommern f\u00fcr den LK VG. Seit Gr\u00fcndung setzen wir uns ein f\u00fcr die Rechte von Menschen mit Behinderung. Denn: \u201eInklusion ist keine Ideologie, Inklusion ist ein Menschenrecht\u201c (Zitat: Andr\u00e9 Dietz). Damit zeigen wir unsere unsere Pr\u00e4senz im Nordosten. Direkte Ansprache und kurze Wege sind uns wichtig, wenn Menschen Unterst\u00fctzung und Information rund um ihre eigene Beeintr\u00e4chtigung oder mit Angeh\u00f6rigen mit Behinderung suchen. Daher das besondere Engagement im Landkreis VG. Denn zunehmend berichten Menschen mit Beeintr\u00e4chtigung besonders dort von Ausgrenzung und Schwierigkeiten, soziale Teilhabe umfassend leben zu k\u00f6nnen. Wir freuen uns, dass uns die Ehrenamtsstiftung MV dabei mit einer F\u00f6rderung unterst\u00fctzt. (Logo) Der Schwerpunkt der Arbeit des im Aufbau befindlichen Standortes im Landkreis Vorpommern Greifswald liegt im Themenfeld Assistenzhund, dar\u00fcber hinaus zu allen Fragen sozialer Teilhabe. Ansprechpartnerin im Standort VG ist Claudia Teichert, Kauffrau im Gesundheitswesen, Assistenzhundetrainerin in Ausbildung und seit vielen Jahren als AH-Halterin vertraut mit Fragen, Freuden und Schwierigkeiten im Zusammenleben mit einem AH als Team. Eine erste Informationsveranstaltung hat am 29. M\u00e4rz 2025 auf der Insel Usedom stattgefunden und war gepr\u00e4gt von gro\u00dfem Interesse und intensiven Gespr\u00e4chen. Weitere Veranstaltungen sind in der 2. Jahresh\u00e4lfte an verschiedenen Orten im Landkreis geplant. Frau Teichert erreichen Sie f\u00fcr den Erstkontakt unter: clauteich-associata@outlook.de Telefonische und pers\u00f6nliche Termine werden individuell von ihr abgesprochen. 10.02.2025 #DuEntscheidest. Wir machen mit! Heute startete um 10.00 Uhr eine bundesweite Banner-Aktion, die versucht\u00a0positive Narrative\u00a0zu setzen: Es gilt deutlich zu machen, wof\u00fcr wir stehen und um was es in den n\u00e4chsten Jahren geht. Im B\u00fcndnis \u201eZusammen f\u00fcr Demokratie\u201c haben sich 70 zivilgesellschaftliche\u00a0 Organisationen auf Bundesebene zusammengeschlossen. Infos:\u00a0https:\/\/zusammen-fuer-demokratie.de\/ Neben einer zentralen Aktion in Berlin gibt es dazu in vielen St\u00e4dten Aktionen. Auch uns ist es wichtig zu zeigen, wof\u00fcr wir einstehen. Unser Banner Motiv: &#8222;Menschenrechte gelten f\u00fcr alle Menschen \u2013 wir wollen ein Land, das niemand im Stich l\u00e4sst.&#8220; h\u00e4ngt seit 10.00 Uhr am Zaun zum Vereinsstandort. Der gemeinsame Hasttag:#DuEntscheidest! 10. Februar 2025 Eine neue F\u00f6rderung: Die neue Stiftung\u00a0\u201eZukunftswege Ost\u201c\u00a0hat unser Projekt\u00a0Inklusives, kreatives Generationencaf\u00e9 gef\u00f6rdert. Wir haben uns sehr gefreut und sagen herzlich DANKE! Zun\u00e4chst f\u00fcr ein halbes Jahr verwirklichen wir mit dieser F\u00f6rderung unser Generationen verbindendes Projekt, dass Dialog und Austausch beim kreativen Schaffen f\u00f6rdert: Schon seit Dezember 2024 \u00f6ffnen wir regelm\u00e4\u00dfig das kleine, gem\u00fctliche Vereinscaf\u00e9 im Distelhof f\u00fcr verschiedene kreative Angebote und zum Austausch. Es kommen Menschen jeden Alters zusammen. Im Advent wurden Bienenwachskerzen gezogen, im Januar winterliche Fenstersterne gestaltet. Das Angebot wechselt monatlich. In den Februar starteten wir mit Linoldruck. F\u00fcr unsere Angebote braucht es keine Vorkenntnisse. Wer Spa\u00df hat, Bekanntes aufzufrischen oder Neues zu entdecken, ist herzlich willkommen. Das Angebot ist kostenlos. Auch das Material wird gestellt. Wer nur zuschauen m\u00f6chte, ist herzlich eingeladen zum Plaudern und Kennenlernen netter Menschen aus der Region. Eigene Handarbeiten k\u00f6nnen mitgebracht und die Begeisterung f\u00fcr das eigene Hobby an andere weitergegeben werden. Auch die Kleinsten werden schon aktiv. Im Caf\u00e9 gibt es S\u00fc\u00dfes und Getr\u00e4nke. Wer kann, gibt eine kleine Spende f\u00fcr den Vereinstraum: Einen Holz-Bauwagen f\u00fcr inklusive outdoor-Projekte! Infos zur Stiftung Zukunftswege Ost:\u00a0https:\/\/www.zukunftswege-ost.de\/\u00a0:\u00a0\u201e\u2026 wir m\u00f6chten mit dem Gemeinschaftsfonds Menschen in Ostdeutschland ermutigen, sich aktiv f\u00fcr ein gesellschaftliches Miteinander und ein respektvolles Zusammenleben einzusetzen. Der Fonds bietet die Chance, Vorhaben zu realisieren, die ein st\u00e4rkeres Miteinander und eine positive gesellschaftliche Entwicklung in Ostdeutschland f\u00f6rdern.\u201c Deutscher Engagementpreis 2024 Wir wurden nominiert!Das Voting\u00a0f\u00fcr den Publikumspreis\u00a0des\u00a0Deutschen Engagement-Preises\u00a02024 hat begonnen. Bitte mitmachen und abstimmen! Unser Projekt ANKERpunkt mit dem Bau eines Lehmbackofens hat es unter die 350 best\u00e4tigten Nominierungen f\u00fcr den Deutschen Engagement-Preis 2024 geschafft. Eine Jury w\u00e4hlt aus allen Nominierungen f\u00fcr die f\u00fcnf Kategorie einen Preistr\u00e4ger. Zus\u00e4tzlich wird ein Publikumspreis vergeben. Daf\u00fcr z\u00e4hlt jede Stimme. Die Abstimmung hat begonnen und dauert bis zum 17. November 2024. Bitte mitmachen! Das Projekt, das die meisten Stimmen im Publikumsvorting erh\u00e4lt, gewinnt! Bitte stimmt f\u00fcr unser Projekt ab und schickt eine Info an Euren Freundes-, Familien-, Bekannten- und Kollegenkreis mit der Bitte f\u00fcr unser Projekt abzustimmen. Jede Stimme z\u00e4hlt. Nur wenn alle in ihren Netzwerken aktiv werden, haben wir eine Chance. Der Preis w\u00fcrde uns f\u00fcr alle unsere Vorhaben und Projekte einen gro\u00dfen Schritt voranbringen. Selbst nominieren kann man sich nicht f\u00fcr den Deutschen Engagement-Preis 2024.Wir danken sehr herzlich dem BBK-VBU Familienherz f\u00fcr die Nominierung unseres Projektes Inklusiver ANKERpunkt mit Bau eines Lehmbackofens So findet Ihr unsere Nominierung:Link: Deutscher \u2013 Engagementpreis \/ Publikumspreis Unser Projekt: Zum Link Ausf\u00fcllen (Name und Mail-Adresse) und abschickenDann bekommt Ihr eine Best\u00e4tigungsmail.Link in der Best\u00e4tigungsmail anklicken. Damit wird Eure Stimme f\u00fcr unser Projekt in der Wertung f\u00fcr den Publikumspreis gez\u00e4hlt. Damit es gerecht zugeht, wird nur 1 Stimme je Teilnehmer*in gez\u00e4hlt! Ein gro\u00dfes DANKE\u00a0f\u00fcr Eure Teilnahme und die Mobilisierung Eures Netzwerkes f\u00fcr die Abstimmung f\u00fcr unser Projekt. Wir waren am 19. September in Halle\/Saale beim \u201eVerbundnetz der W\u00e4rme\u201c\/VNG-Stiftung. Nicht immer kann man Sieger sein. Aber wir freuen uns, dass wir es im Wettbewerb um den Engagementpreis 2024 der VNG Stiftung unter die ersten drei Nominierten in der Kategorie \u201eTeilhabe und Integration\u201c geschafft und einen kleinen Anerkennungspreis erhalten haben! Mit unserem Projekt \u201eInklusives Naturparadies f\u00fcr Kinder\u201c geht es nat\u00fcrlich weiter. Das Preisgeld h\u00e4tte uns einen gro\u00dfen Schritt vorangebracht. Nun geht es etwas langsamer voran &#8211; step by step. Und wir hoffen, dass sich am Horizont Unterst\u00fctzer\u2019innen zeigen, die uns bei unserem Wunschobjekt \u201eBauwagen\u201c helfen. zum Video Mit zwei wundersch\u00f6nen inklusiven Festen haben wir den Sommer im Distelhof begr\u00fc\u00dft. Wir haben uns \u00fcber G\u00e4ste aus der Nachbarschaft und aus der Region gefreut, ganz besonders auch \u00fcber den Austausch mit Familien, die in der Prignitz Ferientage verbrachten. Ein herzlicher Dank gilt allen Engagierten, die diese Veranstaltungen f\u00fcr jung und alt m\u00f6glich gemacht haben.\u00a0 Collage Holunderbl\u00fctenfest 2024\u00a0 \u00a0Collage Familientag Pfingsten 2024 Text-to-Speech Beispiel Aktuelles zum Stand der EvaluationsstudieSeit langem warten die Antragsteller*Innen auf ihre F\u00f6rderbescheide zur Teilnahme an dem Modellvorhaben \u201eMensch-Assistenzhund-Gemeinschaften (M-A-G)\u201c und den Start der Evaluationsstudie. Das BMAS hat die Betroffenen mit einer Mail vom 10.Juli 2024 \u00fcber die im Laufe des Verfahrens aufgetretenen Widrigkeiten informiert und noch um etwas Geduld gebeten. Wir haben daraufhin mit dem Ministerium ein ausf\u00fchrliches Video-Telefonat zum Stand des Modellvorhabens und der Evaluation sowie zum Stand des Zertifizierungsverfahrens f\u00fcr AH-Ausbildungsst\u00e4tten gef\u00fchrt. Das uns dargestellte Verfahren befindet sich noch in der internen Abstimmung im Ministerium, so dass wir Vertraulichkeit zugesichert haben bis eine Ver\u00f6ffentlichung durch das Ministerium erfolgt. Aber wir sind guter Dinge, dass es jetzt bald weitergeht. Wir bleiben am Ball und informieren, sobald uns Offizielles vorliegt.Stand 19. Juli 2024 Das \u201eVerbundnetz der W\u00e4rme\u201c der VNG-Stiftung, Leipzig, hat uns f\u00fcr ihren diesj\u00e4hrigen Engagementpreis in der Kategorie\u00a0Teilhabe und Integration\u00a0nominiert! Schon die Nominierung ist eine tolle Anerkennung f\u00fcr unsere vielf\u00e4ltigen, inklusiven Angebote f\u00fcr Menschen mit und ohne Beeintr\u00e4chtigung. Nun hoffen wir sehr, dass wir die Jury mit unserem Projekt \u201eInklusives Naturparadies f\u00fcr Kinder\u201c \u00fcberzeugen k\u00f6nnen und Preistr\u00e4ger in der Kategorie werden. Am 19. September werden die Preistr\u00e4ger in einer Feierstunde in Halle bekanntgegeben.\u00a0 Bitte dr\u00fcckt f\u00fcr uns ganz fest die Daumen. Danke! Presseerkl\u00e4rung des &#8222;Verbundnetz der W\u00e4rme&#8220; \u2b07\ufe0f Am 3. und 4. Juni 2024 fanden in der Hauptstadtrepr\u00e4sentanz der Telekom die Inklusionstage 2024 des BMAS in Berlin statt. Die Veranstaltung wurde im Internet live und barrierefrei \u00fcbertragen. Unser Mitglied Claudia Teichert von der Insel Usedom war online an beiden Tagen mit dabei. Und berichtet kurz und knapp \u00fcber die Veranstaltung. Ihre Zusammenfassung im Anhang. Au\u00dferdem gibt es einen Link zur offiziellen, umfassenden Dokumentation https:\/\/www.gemeinsam-einfach-machen.de\/GEM\/DE\/AS\/Leuchttuerme\/Kongresse\/Inklusionstage_2024\/ikt24_node.html Zusammenfassung Die DGP &#8211; Deutsche Gesellschaft zur Pr\u00e4qualifizierung im Gesundheitswesen hat die Akkreditierung zur Zertifizierung von Assistenzhunde-Ausbildungsst\u00e4tten mit Wirkung zum 15. April 2024 zur\u00fcckgegeben. Hier der Link zur offiziellen Information der DGP:\u00a0https:\/\/www.dgp-gmbh.de\/zertifizierung-ah-schulen\/\u00a0 Und ebenso der Link zur Webseite des BMAS: https:\/\/www.bmas.de\/DE\/Soziales\/Teilhabe-und-Inklusion\/Politik-fuer-Menschen-mit-Behinderungen\/Assistenzhunde\/assistenzhunde.html\u00a0 Dadurch ist keine Ausbildungsst\u00e4tte und ist kein Trainer ab 15.4.2024 mehr zertifiziert f\u00fcr die Ausbildung von Assistenzhunden!Bereits erteilte Zertifizierungen verlieren ihre G\u00fcltigkeit! Es ist ein Vakuum entstanden und zum jetzigen Zeitpunkt wei\u00df noch niemand, wie es weitergehen und welche neuen Regelungen es geben wird. Wir sind auf vielen Wegen aktiv und versuchen, gesicherte Informationen zu erhalten und werden auf dieser Seite \u00fcber neue Sachverhalte informieren. Stand 21. M\u00e4rz 2024 20. Februar 2023 Zertifizierung von AH-Ausbildungsst\u00e4tten und AH-Trainer*innenImmer wieder erreichen uns auch Fragen, ob eine Ausbildung zum Assistenzhunde-Team bei einem Trainer, einer Trainerin m\u00f6glich sei, der\/die selbst nicht zertifiziert ist bzw. sich nicht selbst zertifizieren lassen m\u00f6chte und auch nicht bei einer AH-Ausbildungsst\u00e4tte angestellt ist, sondern im weitesten Sinne eine Kooperation mit einer zertifizierten AH-Ausbildungsst\u00e4tte und einem\/r dort t\u00e4tigen fachlichen Leiter*in anstrebt\/eingeht.\u00a0 Hierzu eine kurze Zwischeninfo, Stand 18. Februar 2024: Bei einer solchen Kooperation w\u00fcrden \u201efachliche Leiter*innen\u201c der zertifizierten Ausbildungsst\u00e4tte dann das volle Haftungsrisiko f\u00fcr eine ordnungsgem\u00e4\u00dfe Durchf\u00fchrung der AH-Team-Ausbildung entsprechend der AHundV auch f\u00fcr alle Kooperationspartner*innen eingehen. Das bedeutet f\u00fcr alle k\u00fcnftigen AH-Nehmer*innen, die auf der Suche nach einer Ausbildungsst\u00e4tte, Trainer*in sind, sich zu vergewissern, dass die von ihnen ausgew\u00e4hlte Ausbildungsst\u00e4tte, Trainer*in \u00fcber die notwendige Zertifizierung entsprechend der AHundV verf\u00fcgt. Denn sollte diese nicht im Sinne der AHundV vorliegen, k\u00f6nnte es m\u00f6glicherweise passieren, dass es am Ende der AH-Team-Ausbildung Probleme hinsichtlich der Zulassung zur AH-Team-Pr\u00fcfung geben k\u00f6nnte. Bis jetzt gibt es f\u00fcr die Zeit nach Auslaufen der \u00dcbergangsregelung am 30.06.2024 noch keine akkreditierten Pr\u00fcfinstanzen zur Abnahme der Team-Pr\u00fcfungen, die jetzt schon im Einzelnen hierzu befragt werden k\u00f6nnten. Unsere Anmerkung ist daher als vorsorglicher Hinweis zu verstehen, da die rechtliche Kl\u00e4rung dieser Verfahrensweise noch nicht abgeschlossen ist. Nach unserer Einsch\u00e4tzung ist das Vorgehen von Kooperationen vom Sinn und vom Inhalt der AHundV her nicht unbedingt gedeckt. Daher hat der Verein am 16.02.2024 in einem pers\u00f6nlichen Gespr\u00e4ch mit dem zust\u00e4ndigen Fachreferat im BMAS diese Frage ausf\u00fchrlich er\u00f6rtert. Das BMAS steht diesem Verfahren auch skeptisch gegen\u00fcber, befindet sich aber noch in einer rechtlichen Kl\u00e4rung mit der zust\u00e4ndigen Zertifizierungsstelle DGP \u00fcber die Vereinbarkeit dieses Verfahrens mit der AHundV. Das BMAS hat uns zugesagt, uns \u00fcber das Ergebnis der Pr\u00fcfung zeitnah zu informieren. Sobald uns dieses vorliegt, werden wir auf der Homepage dar\u00fcber berichten. K\u00fcnftigen AH-Nehmer*innen empfehlen wir daher, sich bei der Auswahl ihrer Ausbildungsst\u00e4tte sehr genau \u00fcber die Zertifizierung bzw. den Stand der Zertifizierung und die jeweilige Qualifikation der von ihnen gew\u00e4hlten Trainer*innen zu informieren und sich ggfl. schriftlich best\u00e4tigen zu lassen, dass diese\/dieser im Sinne der AHundV als zertifiziert gilt, bzw. im Sinne der AHundV eine Zertifizierung beantragt hat. Auch eine direkte Anfrage beim BMAS oder der DGP bei einem nicht eindeutigen Stand zur Zertifizierung kann hilfreich sein. Bisher ist ohnehin nur ein Teil der beantragten Zertifizierungen abgeschlossen. Denn die im Zuge der Zertifizierung erforderlichen Vor-Ort-Begehungen bei&#8230;<\/p>\n","protected":false},"author":1,"featured_media":0,"parent":0,"menu_order":0,"comment_status":"closed","ping_status":"closed","template":"","meta":{"_acf_changed":false,"footnotes":""},"class_list":["post-350","page","type-page","status-publish","hentry"],"acf":[],"yoast_head":"<!-- This site is optimized with the Yoast SEO plugin v26.9 - https:\/\/yoast.com\/product\/yoast-seo-wordpress\/ -->\n<title>News - Associata-e.V.<\/title>\n<meta name=\"description\" content=\"Associata-e.V. News\" \/>\n<meta name=\"robots\" content=\"index, follow, max-snippet:-1, max-image-preview:large, max-video-preview:-1\" \/>\n<link rel=\"canonical\" href=\"https:\/\/associata-ev.de\/verein\/news\/\" \/>\n<meta property=\"og:locale\" content=\"de_DE\" \/>\n<meta property=\"og:type\" content=\"article\" \/>\n<meta property=\"og:title\" content=\"News - Associata-e.V.\" \/>\n<meta property=\"og:description\" content=\"Associata-e.V. News\" \/>\n<meta property=\"og:url\" content=\"https:\/\/associata-ev.de\/verein\/news\/\" \/>\n<meta property=\"og:site_name\" content=\"Associata-e.V.\" \/>\n<meta property=\"article:modified_time\" content=\"2025-11-28T09:37:45+00:00\" \/>\n<meta property=\"og:image\" content=\"https:\/\/associata-ev.de\/wp-content\/uploads\/2025\/11\/1a.jpg\" \/>\n\t<meta property=\"og:image:width\" content=\"900\" \/>\n\t<meta property=\"og:image:height\" content=\"1600\" \/>\n\t<meta property=\"og:image:type\" content=\"image\/jpeg\" \/>\n<meta name=\"twitter:card\" content=\"summary_large_image\" \/>\n<meta name=\"twitter:label1\" content=\"Gesch\u00e4tzte Lesezeit\" \/>\n\t<meta name=\"twitter:data1\" content=\"25\u00a0Minuten\" \/>\n<script type=\"application\/ld+json\" class=\"yoast-schema-graph\">{\"@context\":\"https:\/\/schema.org\",\"@graph\":[{\"@type\":[\"Article\",\"BlogPosting\"],\"@id\":\"https:\/\/associata-ev.de\/verein\/news\/#article\",\"isPartOf\":{\"@id\":\"https:\/\/associata-ev.de\/verein\/news\/\"},\"author\":{\"name\":\"ReneKnopp\",\"@id\":\"https:\/\/associata-ev.de\/verein\/#\/schema\/person\/e73782c4f0cecc6663b33b456118525f\"},\"headline\":\"News\",\"datePublished\":\"2023-03-11T19:28:24+00:00\",\"dateModified\":\"2025-11-28T09:37:45+00:00\",\"mainEntityOfPage\":{\"@id\":\"https:\/\/associata-ev.de\/verein\/news\/\"},\"wordCount\":3345,\"publisher\":{\"@id\":\"https:\/\/associata-ev.de\/verein\/#organization\"},\"image\":{\"@id\":\"https:\/\/associata-ev.de\/verein\/news\/#primaryimage\"},\"thumbnailUrl\":\"https:\/\/associata-ev.de\/wp-content\/uploads\/2025\/11\/1a-576x1024.jpg\",\"inLanguage\":\"de\"},{\"@type\":\"WebPage\",\"@id\":\"https:\/\/associata-ev.de\/verein\/news\/\",\"url\":\"https:\/\/associata-ev.de\/verein\/news\/\",\"name\":\"News - Associata-e.V.\",\"isPartOf\":{\"@id\":\"https:\/\/associata-ev.de\/verein\/#website\"},\"primaryImageOfPage\":{\"@id\":\"https:\/\/associata-ev.de\/verein\/news\/#primaryimage\"},\"image\":{\"@id\":\"https:\/\/associata-ev.de\/verein\/news\/#primaryimage\"},\"thumbnailUrl\":\"https:\/\/associata-ev.de\/wp-content\/uploads\/2025\/11\/1a-576x1024.jpg\",\"datePublished\":\"2023-03-11T19:28:24+00:00\",\"dateModified\":\"2025-11-28T09:37:45+00:00\",\"description\":\"Associata-e.V. News\",\"breadcrumb\":{\"@id\":\"https:\/\/associata-ev.de\/verein\/news\/#breadcrumb\"},\"inLanguage\":\"de\",\"potentialAction\":[{\"@type\":\"ReadAction\",\"target\":[\"https:\/\/associata-ev.de\/verein\/news\/\"]}]},{\"@type\":\"ImageObject\",\"inLanguage\":\"de\",\"@id\":\"https:\/\/associata-ev.de\/verein\/news\/#primaryimage\",\"url\":\"https:\/\/associata-ev.de\/wp-content\/uploads\/2025\/11\/1a-576x1024.jpg\",\"contentUrl\":\"https:\/\/associata-ev.de\/wp-content\/uploads\/2025\/11\/1a-576x1024.jpg\"},{\"@type\":\"BreadcrumbList\",\"@id\":\"https:\/\/associata-ev.de\/verein\/news\/#breadcrumb\",\"itemListElement\":[{\"@type\":\"ListItem\",\"position\":1,\"name\":\"Verein\",\"item\":\"https:\/\/associata-ev.de\/verein\/\"},{\"@type\":\"ListItem\",\"position\":2,\"name\":\"News\"}]},{\"@type\":\"WebSite\",\"@id\":\"https:\/\/associata-ev.de\/verein\/#website\",\"url\":\"https:\/\/associata-ev.de\/verein\/\",\"name\":\"Associata-e.V.\",\"description\":\"\",\"publisher\":{\"@id\":\"https:\/\/associata-ev.de\/verein\/#organization\"},\"potentialAction\":[{\"@type\":\"SearchAction\",\"target\":{\"@type\":\"EntryPoint\",\"urlTemplate\":\"https:\/\/associata-ev.de\/verein\/?s={search_term_string}\"},\"query-input\":{\"@type\":\"PropertyValueSpecification\",\"valueRequired\":true,\"valueName\":\"search_term_string\"}}],\"inLanguage\":\"de\"},{\"@type\":\"Organization\",\"@id\":\"https:\/\/associata-ev.de\/verein\/#organization\",\"name\":\"Associata e.V.\",\"url\":\"https:\/\/associata-ev.de\/verein\/\",\"logo\":{\"@type\":\"ImageObject\",\"inLanguage\":\"de\",\"@id\":\"https:\/\/associata-ev.de\/verein\/#\/schema\/logo\/image\/\",\"url\":\"https:\/\/associata-ev.de\/wp-content\/uploads\/2023\/03\/IMG-20230312-WA0021-2.png\",\"contentUrl\":\"https:\/\/associata-ev.de\/wp-content\/uploads\/2023\/03\/IMG-20230312-WA0021-2.png\",\"width\":1200,\"height\":297,\"caption\":\"Associata e.V.\"},\"image\":{\"@id\":\"https:\/\/associata-ev.de\/verein\/#\/schema\/logo\/image\/\"}},{\"@type\":\"Person\",\"@id\":\"https:\/\/associata-ev.de\/verein\/#\/schema\/person\/e73782c4f0cecc6663b33b456118525f\",\"name\":\"ReneKnopp\",\"image\":{\"@type\":\"ImageObject\",\"inLanguage\":\"de\",\"@id\":\"https:\/\/associata-ev.de\/verein\/#\/schema\/person\/image\/\",\"url\":\"https:\/\/secure.gravatar.com\/avatar\/79a2e70279472c96f215f3e85d1f1152ef5abd1cbb4778b50af4e74cf37c6ea1?s=96&d=mm&r=g\",\"contentUrl\":\"https:\/\/secure.gravatar.com\/avatar\/79a2e70279472c96f215f3e85d1f1152ef5abd1cbb4778b50af4e74cf37c6ea1?s=96&d=mm&r=g\",\"caption\":\"ReneKnopp\"},\"sameAs\":[\"https:\/\/associata-ev.de\"],\"url\":\"https:\/\/associata-ev.de\/verein\/author\/reneknopp\/\"}]}<\/script>\n<!-- \/ Yoast SEO plugin. -->","yoast_head_json":{"title":"News - Associata-e.V.","description":"Associata-e.V. News","robots":{"index":"index","follow":"follow","max-snippet":"max-snippet:-1","max-image-preview":"max-image-preview:large","max-video-preview":"max-video-preview:-1"},"canonical":"https:\/\/associata-ev.de\/verein\/news\/","og_locale":"de_DE","og_type":"article","og_title":"News - Associata-e.V.","og_description":"Associata-e.V. News","og_url":"https:\/\/associata-ev.de\/verein\/news\/","og_site_name":"Associata-e.V.","article_modified_time":"2025-11-28T09:37:45+00:00","og_image":[{"width":900,"height":1600,"url":"https:\/\/associata-ev.de\/wp-content\/uploads\/2025\/11\/1a.jpg","type":"image\/jpeg"}],"twitter_card":"summary_large_image","twitter_misc":{"Gesch\u00e4tzte Lesezeit":"25\u00a0Minuten"},"schema":{"@context":"https:\/\/schema.org","@graph":[{"@type":["Article","BlogPosting"],"@id":"https:\/\/associata-ev.de\/verein\/news\/#article","isPartOf":{"@id":"https:\/\/associata-ev.de\/verein\/news\/"},"author":{"name":"ReneKnopp","@id":"https:\/\/associata-ev.de\/verein\/#\/schema\/person\/e73782c4f0cecc6663b33b456118525f"},"headline":"News","datePublished":"2023-03-11T19:28:24+00:00","dateModified":"2025-11-28T09:37:45+00:00","mainEntityOfPage":{"@id":"https:\/\/associata-ev.de\/verein\/news\/"},"wordCount":3345,"publisher":{"@id":"https:\/\/associata-ev.de\/verein\/#organization"},"image":{"@id":"https:\/\/associata-ev.de\/verein\/news\/#primaryimage"},"thumbnailUrl":"https:\/\/associata-ev.de\/wp-content\/uploads\/2025\/11\/1a-576x1024.jpg","inLanguage":"de"},{"@type":"WebPage","@id":"https:\/\/associata-ev.de\/verein\/news\/","url":"https:\/\/associata-ev.de\/verein\/news\/","name":"News - Associata-e.V.","isPartOf":{"@id":"https:\/\/associata-ev.de\/verein\/#website"},"primaryImageOfPage":{"@id":"https:\/\/associata-ev.de\/verein\/news\/#primaryimage"},"image":{"@id":"https:\/\/associata-ev.de\/verein\/news\/#primaryimage"},"thumbnailUrl":"https:\/\/associata-ev.de\/wp-content\/uploads\/2025\/11\/1a-576x1024.jpg","datePublished":"2023-03-11T19:28:24+00:00","dateModified":"2025-11-28T09:37:45+00:00","description":"Associata-e.V. News","breadcrumb":{"@id":"https:\/\/associata-ev.de\/verein\/news\/#breadcrumb"},"inLanguage":"de","potentialAction":[{"@type":"ReadAction","target":["https:\/\/associata-ev.de\/verein\/news\/"]}]},{"@type":"ImageObject","inLanguage":"de","@id":"https:\/\/associata-ev.de\/verein\/news\/#primaryimage","url":"https:\/\/associata-ev.de\/wp-content\/uploads\/2025\/11\/1a-576x1024.jpg","contentUrl":"https:\/\/associata-ev.de\/wp-content\/uploads\/2025\/11\/1a-576x1024.jpg"},{"@type":"BreadcrumbList","@id":"https:\/\/associata-ev.de\/verein\/news\/#breadcrumb","itemListElement":[{"@type":"ListItem","position":1,"name":"Verein","item":"https:\/\/associata-ev.de\/verein\/"},{"@type":"ListItem","position":2,"name":"News"}]},{"@type":"WebSite","@id":"https:\/\/associata-ev.de\/verein\/#website","url":"https:\/\/associata-ev.de\/verein\/","name":"Associata-e.V.","description":"","publisher":{"@id":"https:\/\/associata-ev.de\/verein\/#organization"},"potentialAction":[{"@type":"SearchAction","target":{"@type":"EntryPoint","urlTemplate":"https:\/\/associata-ev.de\/verein\/?s={search_term_string}"},"query-input":{"@type":"PropertyValueSpecification","valueRequired":true,"valueName":"search_term_string"}}],"inLanguage":"de"},{"@type":"Organization","@id":"https:\/\/associata-ev.de\/verein\/#organization","name":"Associata e.V.","url":"https:\/\/associata-ev.de\/verein\/","logo":{"@type":"ImageObject","inLanguage":"de","@id":"https:\/\/associata-ev.de\/verein\/#\/schema\/logo\/image\/","url":"https:\/\/associata-ev.de\/wp-content\/uploads\/2023\/03\/IMG-20230312-WA0021-2.png","contentUrl":"https:\/\/associata-ev.de\/wp-content\/uploads\/2023\/03\/IMG-20230312-WA0021-2.png","width":1200,"height":297,"caption":"Associata e.V."},"image":{"@id":"https:\/\/associata-ev.de\/verein\/#\/schema\/logo\/image\/"}},{"@type":"Person","@id":"https:\/\/associata-ev.de\/verein\/#\/schema\/person\/e73782c4f0cecc6663b33b456118525f","name":"ReneKnopp","image":{"@type":"ImageObject","inLanguage":"de","@id":"https:\/\/associata-ev.de\/verein\/#\/schema\/person\/image\/","url":"https:\/\/secure.gravatar.com\/avatar\/79a2e70279472c96f215f3e85d1f1152ef5abd1cbb4778b50af4e74cf37c6ea1?s=96&d=mm&r=g","contentUrl":"https:\/\/secure.gravatar.com\/avatar\/79a2e70279472c96f215f3e85d1f1152ef5abd1cbb4778b50af4e74cf37c6ea1?s=96&d=mm&r=g","caption":"ReneKnopp"},"sameAs":["https:\/\/associata-ev.de"],"url":"https:\/\/associata-ev.de\/verein\/author\/reneknopp\/"}]}},"_links":{"self":[{"href":"https:\/\/associata-ev.de\/verein\/wp-json\/wp\/v2\/pages\/350","targetHints":{"allow":["GET"]}}],"collection":[{"href":"https:\/\/associata-ev.de\/verein\/wp-json\/wp\/v2\/pages"}],"about":[{"href":"https:\/\/associata-ev.de\/verein\/wp-json\/wp\/v2\/types\/page"}],"author":[{"embeddable":true,"href":"https:\/\/associata-ev.de\/verein\/wp-json\/wp\/v2\/users\/1"}],"replies":[{"embeddable":true,"href":"https:\/\/associata-ev.de\/verein\/wp-json\/wp\/v2\/comments?post=350"}],"version-history":[{"count":9,"href":"https:\/\/associata-ev.de\/verein\/wp-json\/wp\/v2\/pages\/350\/revisions"}],"predecessor-version":[{"id":2655,"href":"https:\/\/associata-ev.de\/verein\/wp-json\/wp\/v2\/pages\/350\/revisions\/2655"}],"wp:attachment":[{"href":"https:\/\/associata-ev.de\/verein\/wp-json\/wp\/v2\/media?parent=350"}],"curies":[{"name":"wp","href":"https:\/\/api.w.org\/{rel}","templated":true}]}}